{"id":5644,"date":"2023-04-04T10:10:05","date_gmt":"2023-04-04T08:10:05","guid":{"rendered":"https:\/\/afundacion.tv\/proximos_directos\/educacion-seculo-xxi-a-min-non-me-digas-que-non-se-pode-con-jose-manuel-montilla-el-langui\/"},"modified":"2023-04-18T18:01:02","modified_gmt":"2023-04-18T16:01:02","slug":"educacion-seculo-xxi-a-min-non-me-digas-que-non-se-pode-con-jose-manuel-montilla-el-langui","status":"publish","type":"proximos_directos","link":"https:\/\/afundacion.tv\/gl\/proximos_directos\/educacion-seculo-xxi-a-min-non-me-digas-que-non-se-pode-con-jose-manuel-montilla-el-langui\/","title":{"rendered":"Educaci\u00f3n S\u00e9culo XXI: \u00abA min non me digas que non se pode\u00bb con Jos\u00e9 Manuel Montilla, El Langui"},"content":{"rendered":"\n<p>Juan Manuel Montilla, co\u00f1ecido como El Langui, naceu cunha lesi\u00f3n cerebral provocada pola falta de os\u00edxeno durante o parto. A s\u00faa par\u00e1lise cerebral, lonxe de se converter nunha barreira, foi o motor dun desenvolvemento persoal e profesional brillante. Entre os seus \u00e9xitos est\u00e1 o ter recibido un Premio MTV Europa ao mellor artista espa\u00f1ol e o Premio MIN da M\u00fasica a mellor disco do ano. Pero os seus \u00e9xitos non se cinguen exclusivamente ao eido da m\u00fasica: no ano 2008 Juan Manuel recibiu dous Premios Goya, un ao mellor actor revelaci\u00f3n e outro a mellor canci\u00f3n orixinal.<\/p>\n\n\n\n<p>As s\u00faas facetas de actor e presentador convert\u00e9rono nun habitual do cinema, a televisi\u00f3n e a radio e d\u00e9ronlle impulso para contar a s\u00faa historia a trav\u00e9s de tres publicaci\u00f3ns: 16 escalones antes de irme a la cama, Pan Bendito. Un barrio con mucha miga e C\u00f3mo ser un imperfecto infeliz.<\/p>\n\n\n\n<p>Juan Montilla, a trav\u00e9s dos seus libros e relatorios, enfr\u00f3ntanos \u00e1 s\u00faa vida, un percorrido non exento de dificultades, sendo o esforzo a chave fundamental para afrontar calquera tipo de adversidade. Unha autoestima forte, a tenacidade e a capacidade de deixar de lado o medo son os aspectos que o levaron \u00e1 integraci\u00f3n e \u00f3 \u00e9xito.<\/p>\n\n\n\n<p>O relatorio A min non me digas que non se pode c\u00e9ntrase no esp\u00edrito de superaci\u00f3n, a autoconfianza, o compa\u00f1eirismo e a resiliencia, valores que son cruciais para afrontar a vida. A importancia da diversidade, da creaci\u00f3n dunha sociedade inclusiva e o ofrecer ao de enfronte as ferramentas precisas para facer que se sinta realizado ser\u00e1n alg\u00fans dos temas a tratar por Juan Manuel Montilla, El Langui, durante o seu relatorio. Sen d\u00fabida, unha lecci\u00f3n de vida para escolares e p\u00fablico xeral.<\/p>\n","protected":false},"featured_media":5643,"parent":0,"menu_order":0,"template":"","categorias":[95],"etiqueta":[268],"class_list":["post-5644","proximos_directos","type-proximos_directos","status-publish","has-post-thumbnail","hentry","categorias-educacion-gl","etiqueta-educacion-siglo-xxi-gl","entry","has-media"],"acf":[],"yoast_head":"<!-- This site is optimized with the Yoast SEO plugin v26.0 - https:\/\/yoast.com\/wordpress\/plugins\/seo\/ -->\n<title>Educaci\u00f3n S\u00e9culo XXI: \u00abA min non me digas que non se pode\u00bb con Jos\u00e9 Manuel Montilla, El Langui - Afundaci\u00f3n TV<\/title>\n<meta name=\"description\" content=\"El Langui ofrece unha conferencia desde Santiago de Compostela dentro do ciclo \u00abEducaci\u00f3n S\u00e9culo XXI\u00bb de Afundaci\u00f3n, a Obra Social de ABANCA.\" \/>\n<meta name=\"robots\" content=\"index, follow, max-snippet:-1, max-image-preview:large, max-video-preview:-1\" \/>\n<link rel=\"canonical\" href=\"https:\/\/afundacion.tv\/gl\/proximos_directos\/educacion-seculo-xxi-a-min-non-me-digas-que-non-se-pode-con-jose-manuel-montilla-el-langui\/\" \/>\n<meta property=\"og:locale\" content=\"gl_ES\" \/>\n<meta property=\"og:type\" content=\"article\" \/>\n<meta property=\"og:title\" content=\"Educaci\u00f3n S\u00e9culo XXI: \u00abA min non me digas que non se pode\u00bb con Jos\u00e9 Manuel Montilla, El Langui - Afundaci\u00f3n TV\" \/>\n<meta property=\"og:description\" content=\"El Langui ofrece unha conferencia desde Santiago de Compostela dentro do ciclo \u00abEducaci\u00f3n S\u00e9culo XXI\u00bb de Afundaci\u00f3n, a Obra Social de ABANCA.\" \/>\n<meta property=\"og:url\" content=\"https:\/\/afundacion.tv\/gl\/proximos_directos\/educacion-seculo-xxi-a-min-non-me-digas-que-non-se-pode-con-jose-manuel-montilla-el-langui\/\" \/>\n<meta property=\"og:site_name\" content=\"Afundaci\u00f3n TV\" \/>\n<meta property=\"article:modified_time\" content=\"2023-04-18T16:01:02+00:00\" \/>\n<meta property=\"og:image\" content=\"https:\/\/afundacion.tv\/wp-content\/uploads\/2023\/04\/Imagen-3-scaled.jpg\" \/>\n\t<meta property=\"og:image:width\" content=\"2560\" \/>\n\t<meta property=\"og:image:height\" content=\"1707\" \/>\n\t<meta property=\"og:image:type\" content=\"image\/jpeg\" \/>\n<meta name=\"twitter:card\" content=\"summary_large_image\" \/>\n<meta name=\"twitter:label1\" content=\"Tempo de lectura\" \/>\n\t<meta name=\"twitter:data1\" content=\"2 minutos\" \/>\n<script type=\"application\/ld+json\" class=\"yoast-schema-graph\">{\"@context\":\"https:\/\/schema.org\",\"@graph\":[{\"@type\":\"WebPage\",\"@id\":\"https:\/\/afundacion.tv\/gl\/proximos_directos\/educacion-seculo-xxi-a-min-non-me-digas-que-non-se-pode-con-jose-manuel-montilla-el-langui\/\",\"url\":\"https:\/\/afundacion.tv\/gl\/proximos_directos\/educacion-seculo-xxi-a-min-non-me-digas-que-non-se-pode-con-jose-manuel-montilla-el-langui\/\",\"name\":\"Educaci\u00f3n S\u00e9culo XXI: \u00abA min non me digas que non se pode\u00bb con Jos\u00e9 Manuel Montilla, El Langui - Afundaci\u00f3n TV\",\"isPartOf\":{\"@id\":\"https:\/\/afundacion.tv\/#website\"},\"primaryImageOfPage\":{\"@id\":\"https:\/\/afundacion.tv\/gl\/proximos_directos\/educacion-seculo-xxi-a-min-non-me-digas-que-non-se-pode-con-jose-manuel-montilla-el-langui\/#primaryimage\"},\"image\":{\"@id\":\"https:\/\/afundacion.tv\/gl\/proximos_directos\/educacion-seculo-xxi-a-min-non-me-digas-que-non-se-pode-con-jose-manuel-montilla-el-langui\/#primaryimage\"},\"thumbnailUrl\":\"https:\/\/afundacion.tv\/wp-content\/uploads\/2023\/04\/Imagen-3-scaled.jpg\",\"datePublished\":\"2023-04-04T08:10:05+00:00\",\"dateModified\":\"2023-04-18T16:01:02+00:00\",\"description\":\"El Langui ofrece unha conferencia desde Santiago de Compostela dentro do ciclo \u00abEducaci\u00f3n S\u00e9culo XXI\u00bb de Afundaci\u00f3n, a Obra Social de ABANCA.\",\"breadcrumb\":{\"@id\":\"https:\/\/afundacion.tv\/gl\/proximos_directos\/educacion-seculo-xxi-a-min-non-me-digas-que-non-se-pode-con-jose-manuel-montilla-el-langui\/#breadcrumb\"},\"inLanguage\":\"gl-ES\",\"potentialAction\":[{\"@type\":\"ReadAction\",\"target\":[\"https:\/\/afundacion.tv\/gl\/proximos_directos\/educacion-seculo-xxi-a-min-non-me-digas-que-non-se-pode-con-jose-manuel-montilla-el-langui\/\"]}]},{\"@type\":\"ImageObject\",\"inLanguage\":\"gl-ES\",\"@id\":\"https:\/\/afundacion.tv\/gl\/proximos_directos\/educacion-seculo-xxi-a-min-non-me-digas-que-non-se-pode-con-jose-manuel-montilla-el-langui\/#primaryimage\",\"url\":\"https:\/\/afundacion.tv\/wp-content\/uploads\/2023\/04\/Imagen-3-scaled.jpg\",\"contentUrl\":\"https:\/\/afundacion.tv\/wp-content\/uploads\/2023\/04\/Imagen-3-scaled.jpg\",\"width\":2560,\"height\":1707},{\"@type\":\"BreadcrumbList\",\"@id\":\"https:\/\/afundacion.tv\/gl\/proximos_directos\/educacion-seculo-xxi-a-min-non-me-digas-que-non-se-pode-con-jose-manuel-montilla-el-langui\/#breadcrumb\",\"itemListElement\":[{\"@type\":\"ListItem\",\"position\":1,\"name\":\"Portada\",\"item\":\"https:\/\/afundacion.tv\/\"},{\"@type\":\"ListItem\",\"position\":2,\"name\":\"Educaci\u00f3n S\u00e9culo XXI: \u00abA min non me digas que non se pode\u00bb con Jos\u00e9 Manuel Montilla, El Langui\"}]},{\"@type\":\"WebSite\",\"@id\":\"https:\/\/afundacion.tv\/#website\",\"url\":\"https:\/\/afundacion.tv\/\",\"name\":\"Afundaci\u00f3n TV\",\"description\":\"\",\"publisher\":{\"@id\":\"https:\/\/afundacion.tv\/#organization\"},\"potentialAction\":[{\"@type\":\"SearchAction\",\"target\":{\"@type\":\"EntryPoint\",\"urlTemplate\":\"https:\/\/afundacion.tv\/?s={search_term_string}\"},\"query-input\":{\"@type\":\"PropertyValueSpecification\",\"valueRequired\":true,\"valueName\":\"search_term_string\"}}],\"inLanguage\":\"gl-ES\"},{\"@type\":\"Organization\",\"@id\":\"https:\/\/afundacion.tv\/#organization\",\"name\":\"Afundacion TV\",\"url\":\"https:\/\/afundacion.tv\/\",\"logo\":{\"@type\":\"ImageObject\",\"inLanguage\":\"gl-ES\",\"@id\":\"https:\/\/afundacion.tv\/#\/schema\/logo\/image\/\",\"url\":\"https:\/\/afundacion.tv\/wp-content\/uploads\/2021\/09\/atv-icon-152-01.png\",\"contentUrl\":\"https:\/\/afundacion.tv\/wp-content\/uploads\/2021\/09\/atv-icon-152-01.png\",\"width\":153,\"height\":153,\"caption\":\"Afundacion TV\"},\"image\":{\"@id\":\"https:\/\/afundacion.tv\/#\/schema\/logo\/image\/\"}}]}<\/script>\n<!-- \/ Yoast SEO plugin. -->","yoast_head_json":{"title":"Educaci\u00f3n S\u00e9culo XXI: \u00abA min non me digas que non se pode\u00bb con Jos\u00e9 Manuel Montilla, El Langui - Afundaci\u00f3n TV","description":"El Langui ofrece unha conferencia desde Santiago de Compostela dentro do ciclo \u00abEducaci\u00f3n S\u00e9culo XXI\u00bb de Afundaci\u00f3n, a Obra Social de ABANCA.","robots":{"index":"index","follow":"follow","max-snippet":"max-snippet:-1","max-image-preview":"max-image-preview:large","max-video-preview":"max-video-preview:-1"},"canonical":"https:\/\/afundacion.tv\/gl\/proximos_directos\/educacion-seculo-xxi-a-min-non-me-digas-que-non-se-pode-con-jose-manuel-montilla-el-langui\/","og_locale":"gl_ES","og_type":"article","og_title":"Educaci\u00f3n S\u00e9culo XXI: \u00abA min non me digas que non se pode\u00bb con Jos\u00e9 Manuel Montilla, El Langui - Afundaci\u00f3n TV","og_description":"El Langui ofrece unha conferencia desde Santiago de Compostela dentro do ciclo \u00abEducaci\u00f3n S\u00e9culo XXI\u00bb de Afundaci\u00f3n, a Obra Social de ABANCA.","og_url":"https:\/\/afundacion.tv\/gl\/proximos_directos\/educacion-seculo-xxi-a-min-non-me-digas-que-non-se-pode-con-jose-manuel-montilla-el-langui\/","og_site_name":"Afundaci\u00f3n TV","article_modified_time":"2023-04-18T16:01:02+00:00","og_image":[{"width":2560,"height":1707,"url":"https:\/\/afundacion.tv\/wp-content\/uploads\/2023\/04\/Imagen-3-scaled.jpg","type":"image\/jpeg"}],"twitter_card":"summary_large_image","twitter_misc":{"Tempo de lectura":"2 minutos"},"schema":{"@context":"https:\/\/schema.org","@graph":[{"@type":"WebPage","@id":"https:\/\/afundacion.tv\/gl\/proximos_directos\/educacion-seculo-xxi-a-min-non-me-digas-que-non-se-pode-con-jose-manuel-montilla-el-langui\/","url":"https:\/\/afundacion.tv\/gl\/proximos_directos\/educacion-seculo-xxi-a-min-non-me-digas-que-non-se-pode-con-jose-manuel-montilla-el-langui\/","name":"Educaci\u00f3n S\u00e9culo XXI: \u00abA min non me digas que non se pode\u00bb con Jos\u00e9 Manuel Montilla, El Langui - Afundaci\u00f3n TV","isPartOf":{"@id":"https:\/\/afundacion.tv\/#website"},"primaryImageOfPage":{"@id":"https:\/\/afundacion.tv\/gl\/proximos_directos\/educacion-seculo-xxi-a-min-non-me-digas-que-non-se-pode-con-jose-manuel-montilla-el-langui\/#primaryimage"},"image":{"@id":"https:\/\/afundacion.tv\/gl\/proximos_directos\/educacion-seculo-xxi-a-min-non-me-digas-que-non-se-pode-con-jose-manuel-montilla-el-langui\/#primaryimage"},"thumbnailUrl":"https:\/\/afundacion.tv\/wp-content\/uploads\/2023\/04\/Imagen-3-scaled.jpg","datePublished":"2023-04-04T08:10:05+00:00","dateModified":"2023-04-18T16:01:02+00:00","description":"El Langui ofrece unha conferencia desde Santiago de Compostela dentro do ciclo \u00abEducaci\u00f3n S\u00e9culo XXI\u00bb de Afundaci\u00f3n, a Obra Social de ABANCA.","breadcrumb":{"@id":"https:\/\/afundacion.tv\/gl\/proximos_directos\/educacion-seculo-xxi-a-min-non-me-digas-que-non-se-pode-con-jose-manuel-montilla-el-langui\/#breadcrumb"},"inLanguage":"gl-ES","potentialAction":[{"@type":"ReadAction","target":["https:\/\/afundacion.tv\/gl\/proximos_directos\/educacion-seculo-xxi-a-min-non-me-digas-que-non-se-pode-con-jose-manuel-montilla-el-langui\/"]}]},{"@type":"ImageObject","inLanguage":"gl-ES","@id":"https:\/\/afundacion.tv\/gl\/proximos_directos\/educacion-seculo-xxi-a-min-non-me-digas-que-non-se-pode-con-jose-manuel-montilla-el-langui\/#primaryimage","url":"https:\/\/afundacion.tv\/wp-content\/uploads\/2023\/04\/Imagen-3-scaled.jpg","contentUrl":"https:\/\/afundacion.tv\/wp-content\/uploads\/2023\/04\/Imagen-3-scaled.jpg","width":2560,"height":1707},{"@type":"BreadcrumbList","@id":"https:\/\/afundacion.tv\/gl\/proximos_directos\/educacion-seculo-xxi-a-min-non-me-digas-que-non-se-pode-con-jose-manuel-montilla-el-langui\/#breadcrumb","itemListElement":[{"@type":"ListItem","position":1,"name":"Portada","item":"https:\/\/afundacion.tv\/"},{"@type":"ListItem","position":2,"name":"Educaci\u00f3n S\u00e9culo XXI: \u00abA min non me digas que non se pode\u00bb con Jos\u00e9 Manuel Montilla, El Langui"}]},{"@type":"WebSite","@id":"https:\/\/afundacion.tv\/#website","url":"https:\/\/afundacion.tv\/","name":"Afundaci\u00f3n TV","description":"","publisher":{"@id":"https:\/\/afundacion.tv\/#organization"},"potentialAction":[{"@type":"SearchAction","target":{"@type":"EntryPoint","urlTemplate":"https:\/\/afundacion.tv\/?s={search_term_string}"},"query-input":{"@type":"PropertyValueSpecification","valueRequired":true,"valueName":"search_term_string"}}],"inLanguage":"gl-ES"},{"@type":"Organization","@id":"https:\/\/afundacion.tv\/#organization","name":"Afundacion TV","url":"https:\/\/afundacion.tv\/","logo":{"@type":"ImageObject","inLanguage":"gl-ES","@id":"https:\/\/afundacion.tv\/#\/schema\/logo\/image\/","url":"https:\/\/afundacion.tv\/wp-content\/uploads\/2021\/09\/atv-icon-152-01.png","contentUrl":"https:\/\/afundacion.tv\/wp-content\/uploads\/2021\/09\/atv-icon-152-01.png","width":153,"height":153,"caption":"Afundacion TV"},"image":{"@id":"https:\/\/afundacion.tv\/#\/schema\/logo\/image\/"}}]}},"_links":{"self":[{"href":"https:\/\/afundacion.tv\/gl\/wp-json\/wp\/v2\/proximos_directos\/5644","targetHints":{"allow":["GET"]}}],"collection":[{"href":"https:\/\/afundacion.tv\/gl\/wp-json\/wp\/v2\/proximos_directos"}],"about":[{"href":"https:\/\/afundacion.tv\/gl\/wp-json\/wp\/v2\/types\/proximos_directos"}],"wp:featuredmedia":[{"embeddable":true,"href":"https:\/\/afundacion.tv\/gl\/wp-json\/wp\/v2\/media\/5643"}],"wp:attachment":[{"href":"https:\/\/afundacion.tv\/gl\/wp-json\/wp\/v2\/media?parent=5644"}],"wp:term":[{"taxonomy":"categorias","embeddable":true,"href":"https:\/\/afundacion.tv\/gl\/wp-json\/wp\/v2\/categorias?post=5644"},{"taxonomy":"etiqueta","embeddable":true,"href":"https:\/\/afundacion.tv\/gl\/wp-json\/wp\/v2\/etiqueta?post=5644"}],"curies":[{"name":"wp","href":"https:\/\/api.w.org\/{rel}","templated":true}]}}