{"id":1465,"date":"2021-05-06T08:44:34","date_gmt":"2021-05-06T08:44:34","guid":{"rendered":"https:\/\/site.iconmarketing.es\/afundacion\/portada\/"},"modified":"2026-02-20T10:21:15","modified_gmt":"2026-02-20T09:21:15","slug":"portada","status":"publish","type":"page","link":"https:\/\/afundacion.tv\/gl\/","title":{"rendered":"Portada"},"content":{"rendered":"<div class=\"wpb-content-wrapper\">[vc_row full_width=&#8221;stretch_row_content_no_spaces&#8221; el_class=&#8221;af-slider-alacarta&#8221;][vc_column]\t<div id=\"af-slider-carta-container\" class=\"af-slider-carta-container\">\n\t\t<div id=\"af-slider-carta\" class=\"splide af-slider-carta\">\n\t\t\t<div class=\"splide__track\">\n\t\t\t\t<ul class=\"splide__list\">\n\t\t\t\t\t\t\t\t\t\t\t<li class=\"splide__slide\">\n\t\t\t\t\t\t\t<div class=\"af-slide-carta lazyload\" style=\"background-image:inherit\" data-bg-image=\"url(&#039;https:\/\/afundacion.tv\/wp-content\/uploads\/2026\/04\/WhatsApp-Image-2026-04-24-at-09.45.01-1600x650.jpeg&#039;)\">\n\t\t\t\t\t\t\t\t<div class=\"af-overlay-transparente\"><\/div>\n\t\t\t\t\t\t\t\t<div class=\"af-slide-carta-contenido af-blanco\">\n\t\t\t\t\t\t\t\t\t<h2 class=\"af-encabezado-rev\">Conversamos con Noem\u00ed Sabugal, ga\u00f1adora do XLVI Premio Internacional Afundaci\u00f3n de Periodismo Julio Camba<\/h2>\n\n\t\t\t\t\t\t\t\t\t\t\t\t\t\t\t\t\t\t<a href=\"https:\/\/afundacion.tv\/gl\/contenido\/conversamos-con-noemi-sabugal-ganadora-do-xlvi-premio-internacional-afundacion-de-periodismo-julio-camba\/\" class=\"af-boton af-boton-rosa\">Ver agora<\/a>\n\t\t\t\t\t\t\t\t<\/div>\n\t\t\t\t\t\t\t<\/div>\n\t\t\t\t\t\t<\/li>\n\t\t\t\t\t\t\t\t\t\t\t<li class=\"splide__slide\">\n\t\t\t\t\t\t\t<div class=\"af-slide-carta lazyload\" style=\"background-image:inherit\" data-bg-image=\"url(&#039;https:\/\/afundacion.tv\/wp-content\/uploads\/2026\/04\/imagenes-web-afundacion__medium.png&#039;)\">\n\t\t\t\t\t\t\t\t<div class=\"af-overlay-transparente\"><\/div>\n\t\t\t\t\t\t\t\t<div class=\"af-slide-carta-contenido af-blanco\">\n\t\t\t\t\t\t\t\t\t<h2 class=\"af-encabezado-rev\">II Xornada \u00abCo\u00f1ecendo as emoci\u00f3ns\u00bb - Envellecemento significativo<\/h2>\n\n\t\t\t\t\t\t\t\t\t<p>Nunha sociedade cada vez m\u00e1is lonxeva, resulta necesario repensar o envellecemento, reco\u00f1ecendo o valor do prop\u00f3sito, a resiliencia e a capacidade de adaptaci\u00f3n aos desaf\u00edos vitais propios desta etapa. <\/p>\t\t\t\t\t\t\t\t\t<a href=\"https:\/\/afundacion.tv\/gl\/contenido\/ii-xornada-conecendo-as-emocions-envellecemento-significativo-emocions-proposito-e-resiliencia\/\" class=\"af-boton af-boton-rosa\">Ver agora<\/a>\n\t\t\t\t\t\t\t\t<\/div>\n\t\t\t\t\t\t\t<\/div>\n\t\t\t\t\t\t<\/li>\n\t\t\t\t\t\t\t\t\t\t\t<li class=\"splide__slide\">\n\t\t\t\t\t\t\t<div class=\"af-slide-carta lazyload\" style=\"background-image:inherit\" data-bg-image=\"url(&#039;https:\/\/afundacion.tv\/wp-content\/uploads\/2026\/03\/WhatsApp-Image-2026-03-25-at-10.02.02-1600x650.jpeg&#039;)\">\n\t\t\t\t\t\t\t\t<div class=\"af-overlay-transparente\"><\/div>\n\t\t\t\t\t\t\t\t<div class=\"af-slide-carta-contenido af-blanco\">\n\t\t\t\t\t\t\t\t\t<h2 class=\"af-encabezado-rev\">IMAXINARIA - IV FESTIVAL INTERNACIONAL DE ANIMACI\u00d3N AFUNDACI\u00d3N: COLOQUIO CON ALBERTO V\u00c1ZQUEZ E PAMELA POLTRONIERI<\/h2>\n\n\t\t\t\t\t\t\t\t\t<p>Coloquio sobre \"Decorado\", o novo filme do director coru\u00f1\u00e9s Alberto V\u00e1zquez, ga\u00f1adora dun Goya, co seu director e a s\u00faa directora de animaci\u00f3n<\/p>\t\t\t\t\t\t\t\t\t<a href=\"https:\/\/afundacion.tv\/gl\/contenido\/imaxinaria-iv-festival-internacional-de-animacion-afundacion-coloquio-con-alberto-vazquez-e-pamela-poltronieri\/\" class=\"af-boton af-boton-rosa\">Ver agora<\/a>\n\t\t\t\t\t\t\t\t<\/div>\n\t\t\t\t\t\t\t<\/div>\n\t\t\t\t\t\t<\/li>\n\t\t\t\t\t\t\t\t\t<\/ul>\n\t\t\t<\/div>\n\t\t<\/div>\n\t<\/div>\n<div class=\"vcex-shortcode wpex-clr\"><\/div>[\/vc_column][\/vc_row][vc_row full_width=&#8221;stretch_row&#8221; content_placement=&#8221;middle&#8221;][vc_column][vc_row_inner el_class=&#8221;af-padding-top-180 af-padding-bottom-120 af-sobre-overlay&#8221;][vc_column_inner el_class=&#8221;af-padding-top-90 af-fila-padding-bottom-180&#8243;]<div class=\"vcex-heading vcex-heading-plain vcex-module wpex-heading wpex-text-2xl af-blanco af-encabezado-grande af-margin-bottom-30\"><span class=\"vcex-heading-inner wpex-inline-block\">NOVIDADES<\/span><\/div>\t<div class=\"af-categoria-contenidos\">\n\t\t<div class=\"af-contenedor-splide\">\n\t\t\t<div class=\"splide\" id=\"contenedor-slider-mas-recientes\" data-contenidos=\"4\" data-flechas=\"si\">\n\t\t\t\t<div class=\"splide__track\">\n\t\t\t\t\t<ul class=\"splide__list af-blanco\">\n\t\t\t\t\t\t\t<li class=\"splide__slide todos conferencias-y-coloquios af-contenido-carta-container\">\n\t\t<div style=\"display:flex; flex-direction:column; height:100%; justify-content:space-between;\">\n\t\t\t<a class=\"af-link-categoria-contenido\" href=\"https:\/\/afundacion.tv\/gl\/contenido\/educacion-seculo-xxi-iaia-vicenta-instruccions-para-ser-humanos-pola-iaia-vicenta-e-o-seu-creador-manuel-rossell\/\">\n\t\t\t\t<div class=\"af-thumb-categoria-contenido-container lazyload\" style=\"background-image:inherit\" data-bg-image=\"url(&#039;https:\/\/afundacion.tv\/wp-content\/uploads\/2026\/04\/WhatsApp-Image-2026-04-21-at-15.30.40-370x300.jpeg&#039;)\">\n\t\t\t\t\t<div class=\"af-overlay-transparente af-overlay-categoria-contenido\"><\/div>\n\t\t\t\t\t<div class=\"af-titulo-dentro-categoria\" style=\"border-color:\">\n\t\t\t\t\t\tCiclo Educaci\u00f3n S\u00e9culo XXI\t\t\t\t\t<\/div>\n\t\t\t\t\t<div class=\"af-pieza-desc-container\">\n\t\t\t\t\t\t<div>\n\t\t\t\t\t\t\t\t\t\t\t\t\t<\/div>\n\t\t\t\t\t\t<div class=\"af-pieza-desc-meta\"><span>00:00<\/span><\/div>\n\t\t\t\t\t<\/div>\n\t\t\t\t<\/div>\n\t\t\t\t<h3 class=\"af-titulo-categoria-pieza\">Educaci\u00f3n S\u00e9culo XXI: \u00abIaia Vicenta, instrucci\u00f3ns para ser humanos\u00bb pola Iaia Vicenta e o seu creador, Manuel Rossell<\/h3>\n\t\t\t<\/a>\n\t\t\t<div class=\"af-contenedor-botones-loop\">\n\n\t\t\t\t\t\t\t\t\t<a href=\"https:\/\/site.iconmarketing.es\/afundacion\/contenido\/conversamos-con-el-periodista-y-fotografo-gervasio-sanchez-en-el-marco-de-la-bienal-de-pontevedra\/\"\n\t\t\t\t\t\tclass=\"af-boton af-boton-con-icono af-boton-loop-solo af-boton-rosa\">\n\t\t\t\t\t\t<img data-src=\"https:\/\/site.iconmarketing.es\/afundacion\/wp-content\/uploads\/2021\/05\/play-icono-min.svg\" alt=\"Ver ahora Educaci\u00f3n S\u00e9culo XXI: \u00abIaia Vicenta, instrucci\u00f3ns para ser humanos\u00bb pola Iaia Vicenta e o seu creador, Manuel Rossell\" src=\"data:image\/svg+xml;base64,PHN2ZyB3aWR0aD0iMSIgaGVpZ2h0PSIxIiB4bWxucz0iaHR0cDovL3d3dy53My5vcmcvMjAwMC9zdmciPjwvc3ZnPg==\" class=\"lazyload\">\n\t\t\t\t\t\t<span>Ver ahora<\/span>\n\t\t\t\t\t<\/a>\n\t\t\t\t\n\t\t\t<\/div>\n\t\t\t<!-- Player oculto flotante -->\n\t\t\t\t\t<\/div>\n\t<\/li>\n\n\n\t<li class=\"splide__slide todos conferencias-y-coloquios af-contenido-carta-container\">\n\t\t<div style=\"display:flex; flex-direction:column; height:100%; justify-content:space-between;\">\n\t\t\t<a class=\"af-link-categoria-contenido\" href=\"https:\/\/afundacion.tv\/gl\/contenido\/conversamos-con-noemi-sabugal-ganadora-do-xlvi-premio-internacional-afundacion-de-periodismo-julio-camba\/\">\n\t\t\t\t<div class=\"af-thumb-categoria-contenido-container lazyload\" style=\"background-image:inherit\" data-bg-image=\"url(&#039;https:\/\/afundacion.tv\/wp-content\/uploads\/2026\/04\/WhatsApp-Image-2026-04-24-at-09.45.01-370x300.jpeg&#039;)\">\n\t\t\t\t\t<div class=\"af-overlay-transparente af-overlay-categoria-contenido\"><\/div>\n\t\t\t\t\t<div class=\"af-titulo-dentro-categoria\" style=\"border-color:\">\n\t\t\t\t\t\tEntrega de premios\t\t\t\t\t<\/div>\n\t\t\t\t\t<div class=\"af-pieza-desc-container\">\n\t\t\t\t\t\t<div>\n\t\t\t\t\t\t\t\t\t\t\t\t\t<\/div>\n\t\t\t\t\t\t<div class=\"af-pieza-desc-meta\"><span>00:00<\/span><\/div>\n\t\t\t\t\t<\/div>\n\t\t\t\t<\/div>\n\t\t\t\t<h3 class=\"af-titulo-categoria-pieza\">Conversamos con Noem\u00ed Sabugal, ga\u00f1adora do XLVI Premio Internacional Afundaci\u00f3n de Periodismo Julio Camba<\/h3>\n\t\t\t<\/a>\n\t\t\t<div class=\"af-contenedor-botones-loop\">\n\n\t\t\t\t\t\t\t\t\t<a href=\"https:\/\/site.iconmarketing.es\/afundacion\/contenido\/conversamos-con-el-periodista-y-fotografo-gervasio-sanchez-en-el-marco-de-la-bienal-de-pontevedra\/\"\n\t\t\t\t\t\tclass=\"af-boton af-boton-con-icono af-boton-loop-solo af-boton-rosa\">\n\t\t\t\t\t\t<img data-src=\"https:\/\/site.iconmarketing.es\/afundacion\/wp-content\/uploads\/2021\/05\/play-icono-min.svg\" alt=\"Ver ahora Conversamos con Noem\u00ed Sabugal, ga\u00f1adora do XLVI Premio Internacional Afundaci\u00f3n de Periodismo Julio Camba\" src=\"data:image\/svg+xml;base64,PHN2ZyB3aWR0aD0iMSIgaGVpZ2h0PSIxIiB4bWxucz0iaHR0cDovL3d3dy53My5vcmcvMjAwMC9zdmciPjwvc3ZnPg==\" class=\"lazyload\">\n\t\t\t\t\t\t<span>Ver ahora<\/span>\n\t\t\t\t\t<\/a>\n\t\t\t\t\n\t\t\t<\/div>\n\t\t\t<!-- Player oculto flotante -->\n\t\t\t\t\t<\/div>\n\t<\/li>\n\n\n\t<li class=\"splide__slide todos conferencias-y-coloquios af-contenido-carta-container\">\n\t\t<div style=\"display:flex; flex-direction:column; height:100%; justify-content:space-between;\">\n\t\t\t<a class=\"af-link-categoria-contenido\" href=\"https:\/\/afundacion.tv\/gl\/contenido\/ii-xornada-conecendo-as-emocions-envellecemento-significativo-emocions-proposito-e-resiliencia\/\">\n\t\t\t\t<div class=\"af-thumb-categoria-contenido-container lazyload\" style=\"background-image:inherit\" data-bg-image=\"url(&#039;https:\/\/afundacion.tv\/wp-content\/uploads\/2026\/04\/imagenes-web-afundacion__medium-370x300.png&#039;)\">\n\t\t\t\t\t<div class=\"af-overlay-transparente af-overlay-categoria-contenido\"><\/div>\n\t\t\t\t\t<div class=\"af-titulo-dentro-categoria\" style=\"border-color:#e2a939\">\n\t\t\t\t\t\tProspectiva\t\t\t\t\t<\/div>\n\t\t\t\t\t<div class=\"af-pieza-desc-container\">\n\t\t\t\t\t\t<div>\n\t\t\t\t\t\t\tNunha sociedade cada vez m\u00e1is lonxeva, resulta necesario repensar o envellecemento, reco\u00f1ecendo o valor do prop\u00f3sito, a resiliencia e a capacidade de adaptaci\u00f3n aos desaf\u00edos vitais propios desta etapa. \t\t\t\t\t\t<\/div>\n\t\t\t\t\t\t<div class=\"af-pieza-desc-meta\"><span>6 cap\u00edtulos<\/span><\/div>\n\t\t\t\t\t<\/div>\n\t\t\t\t<\/div>\n\t\t\t\t<h3 class=\"af-titulo-categoria-pieza\">II Xornada \u00abCo\u00f1ecendo as emoci\u00f3ns\u00bb &#8211; Envellecemento significativo<\/h3>\n\t\t\t<\/a>\n\t\t\t<div class=\"af-contenedor-botones-loop\">\n\n\t\t\t\t\t\t\t\t\t<a href=\"https:\/\/site.iconmarketing.es\/afundacion\/contenido\/conversamos-con-el-periodista-y-fotografo-gervasio-sanchez-en-el-marco-de-la-bienal-de-pontevedra\/\"\n\t\t\t\t\t\tclass=\"af-boton af-boton-con-icono af-boton-loop-solo af-boton-rosa\">\n\t\t\t\t\t\t<img data-src=\"https:\/\/site.iconmarketing.es\/afundacion\/wp-content\/uploads\/2021\/05\/play-icono-min.svg\" alt=\"Ver ahora II Xornada \u00abCo\u00f1ecendo as emoci\u00f3ns\u00bb &#8211; Envellecemento significativo\" src=\"data:image\/svg+xml;base64,PHN2ZyB3aWR0aD0iMSIgaGVpZ2h0PSIxIiB4bWxucz0iaHR0cDovL3d3dy53My5vcmcvMjAwMC9zdmciPjwvc3ZnPg==\" class=\"lazyload\">\n\t\t\t\t\t\t<span>Ver ahora<\/span>\n\t\t\t\t\t<\/a>\n\t\t\t\t\n\t\t\t<\/div>\n\t\t\t<!-- Player oculto flotante -->\n\t\t\t\t\t<\/div>\n\t<\/li>\n\n\n\t<li class=\"splide__slide todos conferencias-y-coloquios af-contenido-carta-container\">\n\t\t<div style=\"display:flex; flex-direction:column; height:100%; justify-content:space-between;\">\n\t\t\t<a class=\"af-link-categoria-contenido\" href=\"https:\/\/afundacion.tv\/gl\/contenido\/imaxinaria-iv-festival-internacional-de-animacion-afundacion-coloquio-con-alberto-vazquez-e-pamela-poltronieri\/\">\n\t\t\t\t<div class=\"af-thumb-categoria-contenido-container lazyload\" style=\"background-image:inherit\" data-bg-image=\"url(&#039;https:\/\/afundacion.tv\/wp-content\/uploads\/2026\/03\/WhatsApp-Image-2026-03-25-at-10.02.02-370x300.jpeg&#039;)\">\n\t\t\t\t\t<div class=\"af-overlay-transparente af-overlay-categoria-contenido\"><\/div>\n\t\t\t\t\t<div class=\"af-titulo-dentro-categoria\" style=\"border-color:\">\n\t\t\t\t\t\tCine\t\t\t\t\t<\/div>\n\t\t\t\t\t<div class=\"af-pieza-desc-container\">\n\t\t\t\t\t\t<div>\n\t\t\t\t\t\t\tColoquio sobre \"Decorado\", o novo filme do director coru\u00f1\u00e9s Alberto V\u00e1zquez, ga\u00f1adora dun Goya, co seu director e a s\u00faa directora de animaci\u00f3n\t\t\t\t\t\t<\/div>\n\t\t\t\t\t\t<div class=\"af-pieza-desc-meta\"><span>00:00<\/span><\/div>\n\t\t\t\t\t<\/div>\n\t\t\t\t<\/div>\n\t\t\t\t<h3 class=\"af-titulo-categoria-pieza\">IMAXINARIA &#8211; IV FESTIVAL INTERNACIONAL DE ANIMACI\u00d3N AFUNDACI\u00d3N: COLOQUIO CON ALBERTO V\u00c1ZQUEZ E PAMELA POLTRONIERI<\/h3>\n\t\t\t<\/a>\n\t\t\t<div class=\"af-contenedor-botones-loop\">\n\n\t\t\t\t\t\t\t\t\t<a href=\"https:\/\/site.iconmarketing.es\/afundacion\/contenido\/conversamos-con-el-periodista-y-fotografo-gervasio-sanchez-en-el-marco-de-la-bienal-de-pontevedra\/\"\n\t\t\t\t\t\tclass=\"af-boton af-boton-con-icono af-boton-loop-solo af-boton-rosa\">\n\t\t\t\t\t\t<img data-src=\"https:\/\/site.iconmarketing.es\/afundacion\/wp-content\/uploads\/2021\/05\/play-icono-min.svg\" alt=\"Ver ahora IMAXINARIA &#8211; IV FESTIVAL INTERNACIONAL DE ANIMACI\u00d3N AFUNDACI\u00d3N: COLOQUIO CON ALBERTO V\u00c1ZQUEZ E PAMELA POLTRONIERI\" src=\"data:image\/svg+xml;base64,PHN2ZyB3aWR0aD0iMSIgaGVpZ2h0PSIxIiB4bWxucz0iaHR0cDovL3d3dy53My5vcmcvMjAwMC9zdmciPjwvc3ZnPg==\" class=\"lazyload\">\n\t\t\t\t\t\t<span>Ver ahora<\/span>\n\t\t\t\t\t<\/a>\n\t\t\t\t\n\t\t\t<\/div>\n\t\t\t<!-- Player oculto flotante -->\n\t\t\t\t\t<\/div>\n\t<\/li>\n\n\n\t\t\t\t\t<\/ul>\n\t\t\t\t<\/div>\n\t\t\t<\/div>\n\t\t<\/div>\n\t<\/div>\n<div class=\"vcex-shortcode wpex-clr\"><\/div>[\/vc_column_inner][\/vc_row_inner][\/vc_column][\/vc_row][vc_section][vc_row typography_style=&#8221;white&#8221;][vc_column css_animation=&#8221;fadeInUp&#8221;][\/vc_column][\/vc_row][\/vc_section][vc_section full_width=&#8221;stretch_row&#8221; el_class=&#8221;bg-azul&#8221;][vc_row full_width=&#8221;stretch_row&#8221; content_placement=&#8221;middle&#8221; typography_style=&#8221;white&#8221;][vc_column el_class=&#8221;af-padding-top-180 af-fila-padding-bottom-180&#8243;]<div class=\"vcex-heading vcex-heading-plain vcex-module wpex-heading wpex-text-2xl af-blanco af-encabezado-grande af-margin-bottom-30 mayusculas\"><span class=\"vcex-heading-inner wpex-inline-block\">PODCAST M\u00c1S RECIENTES<\/span><\/div><div class=\"vcex-shortcode wpex-clr\">\t<div class=\"af-categoria-contenidos af-categoria-contenidos-slider\">\n\t\t<h2 class=\"af-encabezado-mediano af-categoria-principal-titulo\">\n\t\t\t<a href=\"#\" class=\"af-oculto-moviles\" style=\"color:#fff\">PODCAST M\u00c1S RECIENTES<\/a>\n\t\t<\/h2>\n\t\t<div class=\"af-contenedor-splide\">\n\t\t\t<div class=\"splide\" id=\"contenedor-sliderp-mas-recientes\" data-contenidos=\"4\" data-flechas=\"no\">\n\t\t\t\t<div class=\"splide__track\">\n\t\t\t\t\t<ul class=\"splide__list af-blanco\">\n\t\t\t\t\t\t\t<li class=\"splide__slide todos conferencias-y-coloquios\">\n\t\t<a class=\"af-link-categoria-contenido\" href=\"https:\/\/afundacion.tv\/gl\/contenido\/foro-uie-maquinas-amigas-con-macarena-estevez\/\">\n\t\t\t<!--<div class=\"af-thumb-categoria-contenido-container lazyload\" style=\"background-image:inherit\" data-bg-image=\"url(&#039;https:\/\/afundacion.tv\/wp-content\/uploads\/2024\/04\/foroMacarena_Estevez_IG1080-370x225.jpg&#039;)\">\n\t\t\t\t<div class=\"af-overlay-transparente af-overlay-categoria-contenido\"><\/div>\n\t\t\t\t<div class=\"af-titulo-dentro-categoria\" style=\"border-color:\">\n\t\t\t\t\t<span class=\"af-categoria-dentro-title\">UIE<\/span>\n\t\t\t\t\t<span class=\"af-podcast-title\">Foro UIE: \u00abM\u00e1quinas amigas\u00bb con Macarena Est\u00e9vez<\/span>\n\t\t\t\t<\/div>\n\n\t\t\t\t<div class=\"af-pieza-desc-container\">\n\t\t\t\t\t<div>\n\t\t\t\t\t\tA intelixencia artificial (IA) representa unha dualidade de retos e oportunidades, impulsando un desenvolvemento sen precedentes na sociedade. A s\u00faa contribuci\u00f3n \u00e9 multifac\u00e9tica, desde melloras na eficiencia ata avances na investigaci\u00f3n e na sa\u00fade. A IA inaugura unha era [m\u00e1s informaci\u00f3n...]\t\t\t\t\t<\/div>\n\t\t\t\t\t<div class=\"af-pieza-desc-meta\"><span><\/span><\/div>\n\t\t\t\t<\/div>\n\t\t\t<\/div>-->\n\n\t\t\t<span class=\"sr-only\">Foro UIE: \u00abM\u00e1quinas amigas\u00bb con Macarena Est\u00e9vez<\/span>\n\t\t\t\t\t\t\t<iframe\n\t\t\t\t\tdata-testid=\"embed-iframe\"\n\t\t\t\t\tstyle=\"border-radius:12px\"\n\t\t\t\t\tdata-src=\"https:\/\/open.spotify.com\/embed\/episode\/74yNhGpfKgzbpMzqlTpChf?utm_source=generator\"\n\t\t\t\t\twidth=\"100%\"\n\t\t\t\t\theight=\"152\"\n\t\t\t\t\tframeborder=\"0\"\n\t\t\t\t\tallowfullscreen\n\t\t\t\t\tallow=\"autoplay; clipboard-write; encrypted-media; fullscreen; picture-in-picture\"\n\t\t\t\t src=\"data:image\/svg+xml;base64,PHN2ZyB3aWR0aD0iMSIgaGVpZ2h0PSIxIiB4bWxucz0iaHR0cDovL3d3dy53My5vcmcvMjAwMC9zdmciPjwvc3ZnPg==\" class=\"lazyload\" data-load-mode=\"1\">\n\t\t\t\t<\/iframe>\n\t\t\t\t\t<\/a>\n\t<\/li>\n\t<li class=\"splide__slide todos conferencias-y-coloquios\">\n\t\t<a class=\"af-link-categoria-contenido\" href=\"https:\/\/afundacion.tv\/gl\/contenido\/por-unha-vida-digna-conversa-entre-juan-carlos-unzue-e-angel-carracedo\/\">\n\t\t\t<!--<div class=\"af-thumb-categoria-contenido-container lazyload\" style=\"background-image:inherit\" data-bg-image=\"url(&#039;https:\/\/afundacion.tv\/wp-content\/uploads\/2024\/03\/Unzue_Carracedo_Millan-370x225.jpeg&#039;)\">\n\t\t\t\t<div class=\"af-overlay-transparente af-overlay-categoria-contenido\"><\/div>\n\t\t\t\t<div class=\"af-titulo-dentro-categoria\" style=\"border-color:\">\n\t\t\t\t\t<span class=\"af-categoria-dentro-title\">Sa\u00fade e benestar<\/span>\n\t\t\t\t\t<span class=\"af-podcast-title\">\u00abPor unha vida digna\u00bb Conversa entre Juan Carlos Unzu\u00e9 e \u00c1ngel Carracedo<\/span>\n\t\t\t\t<\/div>\n\n\t\t\t\t<div class=\"af-pieza-desc-container\">\n\t\t\t\t\t<div>\n\t\t\t\t\t\t\u00abPor unha vida digna\u00bb \u00e9 o t\u00edtulo da charla que manter\u00e1n Juan Carlos Unzu\u00e9, ex-futbolista, entrenador e enfermo de ELA, e \u00c1ngel Carracedo, catedr\u00e1tico en Medicina Legal (Xen\u00e9tica e Biolox\u00eda de Sistemas) da Universidade de Santiago de Compostela e [m\u00e1s informaci\u00f3n...]\t\t\t\t\t<\/div>\n\t\t\t\t\t<div class=\"af-pieza-desc-meta\"><span><\/span><\/div>\n\t\t\t\t<\/div>\n\t\t\t<\/div>-->\n\n\t\t\t<span class=\"sr-only\">\u00abPor unha vida digna\u00bb Conversa entre Juan Carlos Unzu\u00e9 e \u00c1ngel Carracedo<\/span>\n\t\t\t\t\t\t\t<iframe\n\t\t\t\t\tdata-testid=\"embed-iframe\"\n\t\t\t\t\tstyle=\"border-radius:12px\"\n\t\t\t\t\tdata-src=\"https:\/\/open.spotify.com\/embed\/episode\/7DyYM2HAh9XCy0gOxLdfg0?utm_source=generator\"\n\t\t\t\t\twidth=\"100%\"\n\t\t\t\t\theight=\"152\"\n\t\t\t\t\tframeborder=\"0\"\n\t\t\t\t\tallowfullscreen\n\t\t\t\t\tallow=\"autoplay; clipboard-write; encrypted-media; fullscreen; picture-in-picture\"\n\t\t\t\t src=\"data:image\/svg+xml;base64,PHN2ZyB3aWR0aD0iMSIgaGVpZ2h0PSIxIiB4bWxucz0iaHR0cDovL3d3dy53My5vcmcvMjAwMC9zdmciPjwvc3ZnPg==\" class=\"lazyload\" data-load-mode=\"1\">\n\t\t\t\t<\/iframe>\n\t\t\t\t\t<\/a>\n\t<\/li>\n\t<li class=\"splide__slide todos conferencias-y-coloquios\">\n\t\t<a class=\"af-link-categoria-contenido\" href=\"https:\/\/afundacion.tv\/gl\/contenido\/conversamos-con-maria-sanchez-ganadora-do-xliv-premio-internacional-afundacion-de-periodismo-julio-camba\/\">\n\t\t\t<!--<div class=\"af-thumb-categoria-contenido-container lazyload\" style=\"background-image:inherit\" data-bg-image=\"url(&#039;https:\/\/afundacion.tv\/wp-content\/uploads\/2024\/03\/Captura-de-pantalla-2024-03-04-a-las-14.24.54-370x225.png&#039;)\">\n\t\t\t\t<div class=\"af-overlay-transparente af-overlay-categoria-contenido\"><\/div>\n\t\t\t\t<div class=\"af-titulo-dentro-categoria\" style=\"border-color:\">\n\t\t\t\t\t<span class=\"af-categoria-dentro-title\">Entrega de premios<\/span>\n\t\t\t\t\t<span class=\"af-podcast-title\">Conversamos con Mar\u00eda S\u00e1nchez, ga\u00f1adora do XLIV Premio Internacional Afundaci\u00f3n de Periodismo Julio Camba<\/span>\n\t\t\t\t<\/div>\n\n\t\t\t\t<div class=\"af-pieza-desc-container\">\n\t\t\t\t\t<div>\n\t\t\t\t\t\t\t\t\t\t\t<\/div>\n\t\t\t\t\t<div class=\"af-pieza-desc-meta\"><span><\/span><\/div>\n\t\t\t\t<\/div>\n\t\t\t<\/div>-->\n\n\t\t\t<span class=\"sr-only\">Conversamos con Mar\u00eda S\u00e1nchez, ga\u00f1adora do XLIV Premio Internacional Afundaci\u00f3n de Periodismo Julio Camba<\/span>\n\t\t\t\t\t\t\t<iframe\n\t\t\t\t\tdata-testid=\"embed-iframe\"\n\t\t\t\t\tstyle=\"border-radius:12px\"\n\t\t\t\t\tdata-src=\"https:\/\/open.spotify.com\/embed\/episode\/6B48k8ytfffOCYj88wd7sb?utm_source=generator\"\n\t\t\t\t\twidth=\"100%\"\n\t\t\t\t\theight=\"152\"\n\t\t\t\t\tframeborder=\"0\"\n\t\t\t\t\tallowfullscreen\n\t\t\t\t\tallow=\"autoplay; clipboard-write; encrypted-media; fullscreen; picture-in-picture\"\n\t\t\t\t src=\"data:image\/svg+xml;base64,PHN2ZyB3aWR0aD0iMSIgaGVpZ2h0PSIxIiB4bWxucz0iaHR0cDovL3d3dy53My5vcmcvMjAwMC9zdmciPjwvc3ZnPg==\" class=\"lazyload\" data-load-mode=\"1\">\n\t\t\t\t<\/iframe>\n\t\t\t\t\t<\/a>\n\t<\/li>\n\t<li class=\"splide__slide todos conferencias-y-coloquios\">\n\t\t<a class=\"af-link-categoria-contenido\" href=\"https:\/\/afundacion.tv\/gl\/contenido\/colegio-hogar-afundacion-75-anos-construindo-futuro\/\">\n\t\t\t<!--<div class=\"af-thumb-categoria-contenido-container lazyload\" style=\"background-image:inherit\" data-bg-image=\"url(&#039;https:\/\/afundacion.tv\/wp-content\/uploads\/2023\/12\/Captura-de-pantalla-2023-12-20-a-las-18.21.36-370x225.png&#039;)\">\n\t\t\t\t<div class=\"af-overlay-transparente af-overlay-categoria-contenido\"><\/div>\n\t\t\t\t<div class=\"af-titulo-dentro-categoria\" style=\"border-color:\">\n\t\t\t\t\t<span class=\"af-categoria-dentro-title\">Educaci\u00f3n<\/span>\n\t\t\t\t\t<span class=\"af-podcast-title\">Colegio Hogar Afundaci\u00f3n, 75 anos constru\u00edndo futuro<\/span>\n\t\t\t\t<\/div>\n\n\t\t\t\t<div class=\"af-pieza-desc-container\">\n\t\t\t\t\t<div>\n\t\t\t\t\t\tUn pequeno repaso aos 75 anos de historia do Colegio Hogar Afundaci\u00f3n para celebrar o seu aniversario\t\t\t\t\t<\/div>\n\t\t\t\t\t<div class=\"af-pieza-desc-meta\"><span><\/span><\/div>\n\t\t\t\t<\/div>\n\t\t\t<\/div>-->\n\n\t\t\t<span class=\"sr-only\">Colegio Hogar Afundaci\u00f3n, 75 anos constru\u00edndo futuro<\/span>\n\t\t\t\t\t\t\t<iframe\n\t\t\t\t\tdata-testid=\"embed-iframe\"\n\t\t\t\t\tstyle=\"border-radius:12px\"\n\t\t\t\t\tdata-src=\"https:\/\/open.spotify.com\/embed\/episode\/0fH7MWC1CekzaToHUCuGJh?utm_source=generator\"\n\t\t\t\t\twidth=\"100%\"\n\t\t\t\t\theight=\"152\"\n\t\t\t\t\tframeborder=\"0\"\n\t\t\t\t\tallowfullscreen\n\t\t\t\t\tallow=\"autoplay; clipboard-write; encrypted-media; fullscreen; picture-in-picture\"\n\t\t\t\t src=\"data:image\/svg+xml;base64,PHN2ZyB3aWR0aD0iMSIgaGVpZ2h0PSIxIiB4bWxucz0iaHR0cDovL3d3dy53My5vcmcvMjAwMC9zdmciPjwvc3ZnPg==\" class=\"lazyload\" data-load-mode=\"1\">\n\t\t\t\t<\/iframe>\n\t\t\t\t\t<\/a>\n\t<\/li>\n\t\t\t\t\t<\/ul>\n\t\t\t\t<\/div>\n\t\t\t<\/div>\n\t\t<\/div>\n\t<\/div>\n\t<script>\n\t\t(function() {\n\t\t\ttry {\n\t\t\t\tnew Splide('#contenedor-sliderp-mas-recientes', {\n\t\t\t\t\tperPage: 4,\n\t\t\t\t\tperMove: 1,\n\t\t\t\t\tarrows: false,\n\t\t\t\t\trewind: true,\n\t\t\t\t\tgap: '15px',\n\t\t\t\t\tpagination: false,\n\t\t\t\t\tbreakpoints: {\n\t\t\t\t\t\t640: {\n\t\t\t\t\t\t\tperPage: 1,\n\t\t\t\t\t\t\tfixedWidth: '75%'\n\t\t\t\t\t\t},\n\t\t\t\t\t\t768: {\n\t\t\t\t\t\t\tperPage: 2\n\t\t\t\t\t\t},\n\t\t\t\t\t\t1280: {\n\t\t\t\t\t\t\tperPage: 3\n\t\t\t\t\t\t}\n\t\t\t\t\t}\n\t\t\t\t}).mount();\n\t\t\t} catch (e) {}\n\t\t})();\n\t<\/script>\n<\/div>[\/vc_column][\/vc_row][\/vc_section][vc_row full_width=&#8221;stretch_row&#8221; content_placement=&#8221;middle&#8221;][vc_column css=&#8221;.vc_custom_1761568495519{padding-bottom: 100px !important;}&#8221;][vc_row_inner el_class=&#8221;af-padding-top-120 af-padding-bottom-120 af-sobre-overlay&#8221;][vc_column_inner]<div class=\"vcex-heading vcex-heading-plain vcex-module wpex-heading wpex-text-2xl af-blanco af-encabezado-grande af-margin-bottom-30 mayusculas\"><span class=\"vcex-heading-inner wpex-inline-block\">Lo m\u00e1s visto de tv el \u00faltimo mes<\/span><\/div>\t<div class=\"af-categoria-contenidos\">\n\t\t<div class=\"af-contenedor-splide\">\n\t\t\t<div class=\"splide\" id=\"contenedor-slider-mas-vistos\" data-flechas=\"no\">\n\t\t\t\t<div class=\"splide__track\">\n\t\t\t\t\t<ul class=\"splide__list af-blanco\">\n\t\t\t\t\t\t\t<li class=\"splide__slide todos conferencias-y-coloquios af-contenido-carta-container\">\n\t\t<div style=\"display:flex; flex-direction:column; height:100%; justify-content:space-between;\">\n\t\t\t<a class=\"af-link-categoria-contenido\" href=\"https:\/\/afundacion.tv\/gl\/contenido\/proxecto-expositivo-simultanea-conversamos-con-ilustradores-e-ilustradoras\/\">\n\t\t\t\t<div class=\"af-thumb-categoria-contenido-container lazyload\" style=\"background-image:inherit\" data-bg-image=\"url(&#039;https:\/\/afundacion.tv\/wp-content\/uploads\/2025\/02\/Captura-de-pantalla-2025-02-05-a-las-12.42.09-370x225.png&#039;)\">\n\t\t\t\t\t<div class=\"af-overlay-transparente af-overlay-categoria-contenido\"><\/div>\n\t\t\t\t\t<div class=\"af-titulo-dentro-categoria\" style=\"border-color:\">\n\t\t\t\t\t\tEntrevistas\t\t\t\t\t<\/div>\n\t\t\t\t\t<div class=\"af-pieza-desc-container\">\n\t\t\t\t\t\t<div>\n\t\t\t\t\t\t\tDestacados ilustradores e ilustradoras debuxan en directo nas salas de \u00abSimult\u00e1nea\u00bb. O p\u00fablico puido ver en directo como se inspiran, crean e reinterpretan algunha das obras pertencentes \u00e1 Colecci\u00f3n de Arte Afundaci\u00f3n. Entre os artistas que participaron at\u00f3panse Flavita [m\u00e1s informaci\u00f3n...]\t\t\t\t\t\t<\/div>\n\t\t\t\t\t\t<div class=\"af-pieza-desc-meta\"><span>7 cap\u00edtulos<\/span><\/div>\n\t\t\t\t\t<\/div>\n\t\t\t\t<\/div>\n\t\t\t\t<h3 class=\"af-titulo-categoria-pieza\">Proxecto expositivo Simult\u00e1nea &#8211; Conversamos con ilustradores e ilustradoras<\/h3>\n\t\t\t<\/a>\n\t\t\t<div class=\"af-contenedor-botones-loop\">\n\n\t\t\t\t\t\t\t\t\t<a href=\"https:\/\/site.iconmarketing.es\/afundacion\/contenido\/conversamos-con-el-periodista-y-fotografo-gervasio-sanchez-en-el-marco-de-la-bienal-de-pontevedra\/\"\n\t\t\t\t\t\tclass=\"af-boton af-boton-con-icono af-boton-loop-solo af-boton-rosa\">\n\t\t\t\t\t\t<img data-src=\"https:\/\/site.iconmarketing.es\/afundacion\/wp-content\/uploads\/2021\/05\/play-icono-min.svg\" alt=\"Ver ahora Proxecto expositivo Simult\u00e1nea &#8211; Conversamos con ilustradores e ilustradoras\" src=\"data:image\/svg+xml;base64,PHN2ZyB3aWR0aD0iMSIgaGVpZ2h0PSIxIiB4bWxucz0iaHR0cDovL3d3dy53My5vcmcvMjAwMC9zdmciPjwvc3ZnPg==\" class=\"lazyload\">\n\t\t\t\t\t\t<span>Ver ahora<\/span>\n\t\t\t\t\t<\/a>\n\t\t\t\t\n\t\t\t<\/div>\n\t\t\t<!-- Player oculto flotante -->\n\t\t\t\t\t<\/div>\n\t<\/li>\n\n\n\t<li class=\"splide__slide todos conferencias-y-coloquios af-contenido-carta-container\">\n\t\t<div style=\"display:flex; flex-direction:column; height:100%; justify-content:space-between;\">\n\t\t\t<a class=\"af-link-categoria-contenido\" href=\"https:\/\/afundacion.tv\/gl\/contenido\/por-unha-vida-digna-conversa-entre-juan-carlos-unzue-e-angel-carracedo\/\">\n\t\t\t\t<div class=\"af-thumb-categoria-contenido-container lazyload\" style=\"background-image:inherit\" data-bg-image=\"url(&#039;https:\/\/afundacion.tv\/wp-content\/uploads\/2024\/03\/Unzue_Carracedo_Millan-370x225.jpeg&#039;)\">\n\t\t\t\t\t<div class=\"af-overlay-transparente af-overlay-categoria-contenido\"><\/div>\n\t\t\t\t\t<div class=\"af-titulo-dentro-categoria\" style=\"border-color:\">\n\t\t\t\t\t\tSa\u00fade e benestar\t\t\t\t\t<\/div>\n\t\t\t\t\t<div class=\"af-pieza-desc-container\">\n\t\t\t\t\t\t<div>\n\t\t\t\t\t\t\t\u00abPor unha vida digna\u00bb \u00e9 o t\u00edtulo da charla que manter\u00e1n Juan Carlos Unzu\u00e9, ex-futbolista, entrenador e enfermo de ELA, e \u00c1ngel Carracedo, catedr\u00e1tico en Medicina Legal (Xen\u00e9tica e Biolox\u00eda de Sistemas) da Universidade de Santiago de Compostela e [m\u00e1s informaci\u00f3n...]\t\t\t\t\t\t<\/div>\n\t\t\t\t\t\t<div class=\"af-pieza-desc-meta\"><span>00:00<\/span><\/div>\n\t\t\t\t\t<\/div>\n\t\t\t\t<\/div>\n\t\t\t\t<h3 class=\"af-titulo-categoria-pieza\">\u00abPor unha vida digna\u00bb Conversa entre Juan Carlos Unzu\u00e9 e \u00c1ngel Carracedo<\/h3>\n\t\t\t<\/a>\n\t\t\t<div class=\"af-contenedor-botones-loop\">\n\n\t\t\t\t\t\t\t\t\t<a href=\"https:\/\/site.iconmarketing.es\/afundacion\/contenido\/conversamos-con-el-periodista-y-fotografo-gervasio-sanchez-en-el-marco-de-la-bienal-de-pontevedra\/\"\n\t\t\t\t\t\tclass=\"af-boton af-boton-con-icono af-boton-loop af-boton-rosa\">\n\t\t\t\t\t\t<img data-src=\"https:\/\/site.iconmarketing.es\/afundacion\/wp-content\/uploads\/2021\/05\/play-icono-min.svg\" alt=\"Ver ahora \u00abPor unha vida digna\u00bb Conversa entre Juan Carlos Unzu\u00e9 e \u00c1ngel Carracedo\" src=\"data:image\/svg+xml;base64,PHN2ZyB3aWR0aD0iMSIgaGVpZ2h0PSIxIiB4bWxucz0iaHR0cDovL3d3dy53My5vcmcvMjAwMC9zdmciPjwvc3ZnPg==\" class=\"lazyload\">\n\t\t\t\t\t\t<span>Ver ahora<\/span>\n\t\t\t\t\t<\/a>\n\t\t\t\t\t<a href=\"#\" class=\"af-boton af-boton-con-icono af-boton-loop af-boton-azul\">\n\t\t\t\t\t\t<img data-src=\"https:\/\/site.iconmarketing.es\/afundacion\/wp-content\/themes\/AfundacionTV-child-theme\/assets\/img\/podcast.svg\" alt=\"Podcast \u00abPor unha vida digna\u00bb Conversa entre Juan Carlos Unzu\u00e9 e \u00c1ngel Carracedo\" src=\"data:image\/svg+xml;base64,PHN2ZyB3aWR0aD0iMSIgaGVpZ2h0PSIxIiB4bWxucz0iaHR0cDovL3d3dy53My5vcmcvMjAwMC9zdmciPjwvc3ZnPg==\" class=\"lazyload\">\n\t\t\t\t\t\t<span>Escuchar ahora<\/span>\n\t\t\t\t\t<\/a>\n\t\t\t\t\n\t\t\t<\/div>\n\t\t\t<!-- Player oculto flotante -->\n\t\t\t\t\t\t\t<div class=\"af-podcast-player\" style=\"display: none;\">\n\t\t\t\t\t<a href=\"#\" class=\"af-podcast-player-close\">\n\t\t\t\t\t\t<span class=\"bootstrap-close\">\n\t\t\t\t\t\t\t<span  style=\"font-size:;\" class=\"wpex-icon\" aria-hidden=\"true\"><svg xmlns=\"http:\/\/www.w3.org\/2000\/svg\" viewBox=\"0 0 16 16\"><path d=\"M4.646 4.646a.5.5 0 0 1 .708 0L8 7.293l2.646-2.647a.5.5 0 0 1 .708.708L8.707 8l2.647 2.646a.5.5 0 0 1-.708.708L8 8.707l-2.646 2.647a.5.5 0 0 1-.708-.708L7.293 8 4.646 5.354a.5.5 0 0 1 0-.708\"\/><\/svg><\/span>\t\t\t\t\t\t<\/span>\n\t\t\t\t\t\t<span class=\"sr-only\">Cerrar reproductor de podcast<\/span>\n\t\t\t\t\t<\/a>\n\t\t\t\t\t<div class=\"af-podcast-player-inner\"><iframe style=\"border-radius:12px\" data-src=\"https:\/\/open.spotify.com\/embed\/episode\/7DyYM2HAh9XCy0gOxLdfg0?utm_source=generator\" width=\"100%\" height=\"152\" frameborder=\"0\" allow=\"autoplay; clipboard-write; encrypted-media; fullscreen; picture-in-picture\" src=\"data:image\/svg+xml;base64,PHN2ZyB3aWR0aD0iMSIgaGVpZ2h0PSIxIiB4bWxucz0iaHR0cDovL3d3dy53My5vcmcvMjAwMC9zdmciPjwvc3ZnPg==\" class=\"lazyload\" data-load-mode=\"1\"><\/iframe><\/div>\n\t\t\t\t<\/div>\n\t\t\t\t\t<\/div>\n\t<\/li>\n\n\n\t<li class=\"splide__slide todos conferencias-y-coloquios af-contenido-carta-container\">\n\t\t<div style=\"display:flex; flex-direction:column; height:100%; justify-content:space-between;\">\n\t\t\t<a class=\"af-link-categoria-contenido\" href=\"https:\/\/afundacion.tv\/gl\/contenido\/conversando-con-mary-beard\/\">\n\t\t\t\t<div class=\"af-thumb-categoria-contenido-container lazyload\" style=\"background-image:inherit\" data-bg-image=\"url(&#039;https:\/\/afundacion.tv\/wp-content\/uploads\/2023\/03\/mary_beard-370x225.jpeg&#039;)\">\n\t\t\t\t\t<div class=\"af-overlay-transparente af-overlay-categoria-contenido\"><\/div>\n\t\t\t\t\t<div class=\"af-titulo-dentro-categoria\" style=\"border-color:\">\n\t\t\t\t\t\tConferencias e coloquios\t\t\t\t\t<\/div>\n\t\t\t\t\t<div class=\"af-pieza-desc-container\">\n\t\t\t\t\t\t<div>\n\t\t\t\t\t\t\tMary Beard (Much Wenlock, Reino Unido, 1955) \u00e9 catedr\u00e1tica de Historia e Literatura Cl\u00e1sicas na Universidade de Cambridge, acad\u00e9mica do Newnham College e profesora de Literatura Cl\u00e1sica na Royal Academy of Arts. Especializada no per\u00edodo imperial de Roma, \u00e9 [m\u00e1s informaci\u00f3n...]\t\t\t\t\t\t<\/div>\n\t\t\t\t\t\t<div class=\"af-pieza-desc-meta\"><span>00:00<\/span><\/div>\n\t\t\t\t\t<\/div>\n\t\t\t\t<\/div>\n\t\t\t\t<h3 class=\"af-titulo-categoria-pieza\">Conversamos con Mary Beard, acad\u00e9mica inglesa especializada en estudos cl\u00e1sicos<\/h3>\n\t\t\t<\/a>\n\t\t\t<div class=\"af-contenedor-botones-loop\">\n\n\t\t\t\t\t\t\t\t\t<a href=\"https:\/\/site.iconmarketing.es\/afundacion\/contenido\/conversamos-con-el-periodista-y-fotografo-gervasio-sanchez-en-el-marco-de-la-bienal-de-pontevedra\/\"\n\t\t\t\t\t\tclass=\"af-boton af-boton-con-icono af-boton-loop-solo af-boton-rosa\">\n\t\t\t\t\t\t<img data-src=\"https:\/\/site.iconmarketing.es\/afundacion\/wp-content\/uploads\/2021\/05\/play-icono-min.svg\" alt=\"Ver ahora Conversamos con Mary Beard, acad\u00e9mica inglesa especializada en estudos cl\u00e1sicos\" src=\"data:image\/svg+xml;base64,PHN2ZyB3aWR0aD0iMSIgaGVpZ2h0PSIxIiB4bWxucz0iaHR0cDovL3d3dy53My5vcmcvMjAwMC9zdmciPjwvc3ZnPg==\" class=\"lazyload\">\n\t\t\t\t\t\t<span>Ver ahora<\/span>\n\t\t\t\t\t<\/a>\n\t\t\t\t\n\t\t\t<\/div>\n\t\t\t<!-- Player oculto flotante -->\n\t\t\t\t\t<\/div>\n\t<\/li>\n\n\n\t<li class=\"splide__slide todos conferencias-y-coloquios af-contenido-carta-container\">\n\t\t<div style=\"display:flex; flex-direction:column; height:100%; justify-content:space-between;\">\n\t\t\t<a class=\"af-link-categoria-contenido\" href=\"https:\/\/afundacion.tv\/gl\/contenido\/ciclo-de-charlas-engadindo-vida-aos-anos-en-colaboracion-coa-sociedad-espanola-de-medicos-generales-y-de-familia\/envellecemento-saudable-co-doctor-jose-carlos-bastida-calvo\/\">\n\t\t\t\t<div class=\"af-thumb-categoria-contenido-container lazyload\" style=\"background-image:inherit\" data-bg-image=\"url(&#039;https:\/\/afundacion.tv\/wp-content\/uploads\/2024\/06\/Captura-de-pantalla-2024-06-20-a-las-9.07.27-370x225.png&#039;)\">\n\t\t\t\t\t<div class=\"af-overlay-transparente af-overlay-categoria-contenido\"><\/div>\n\t\t\t\t\t<div class=\"af-titulo-dentro-categoria\" style=\"border-color:\">\n\t\t\t\t\t\tA experiencia de envellecer\t\t\t\t\t<\/div>\n\t\t\t\t\t<div class=\"af-pieza-desc-container\">\n\t\t\t\t\t\t<div>\n\t\t\t\t\t\t\tImpartida por Jos\u00e9 Carlos Bastida Calvo, coordinador do Grupo de Traballo en Artrose-Osteoporose da SEMG, quen lembra que Espa\u00f1a conta cunha esperanza de vida das m\u00e1is altas do mundo. \u00abEnvellecer \u00e9 parte do proceso de vida, polo que debemos [m\u00e1s informaci\u00f3n...]\t\t\t\t\t\t<\/div>\n\t\t\t\t\t\t<div class=\"af-pieza-desc-meta\"><span>00:00<\/span><\/div>\n\t\t\t\t\t<\/div>\n\t\t\t\t<\/div>\n\t\t\t\t<h3 class=\"af-titulo-categoria-pieza\">\u00abEnvellecemento saudable\u00bb co doctor Jos\u00e9 Carlos Bastida Calvo<\/h3>\n\t\t\t<\/a>\n\t\t\t<div class=\"af-contenedor-botones-loop\">\n\n\t\t\t\t\t\t\t\t\t<a href=\"https:\/\/site.iconmarketing.es\/afundacion\/contenido\/conversamos-con-el-periodista-y-fotografo-gervasio-sanchez-en-el-marco-de-la-bienal-de-pontevedra\/\"\n\t\t\t\t\t\tclass=\"af-boton af-boton-con-icono af-boton-loop-solo af-boton-rosa\">\n\t\t\t\t\t\t<img data-src=\"https:\/\/site.iconmarketing.es\/afundacion\/wp-content\/uploads\/2021\/05\/play-icono-min.svg\" alt=\"Ver ahora \u00abEnvellecemento saudable\u00bb co doctor Jos\u00e9 Carlos Bastida Calvo\" src=\"data:image\/svg+xml;base64,PHN2ZyB3aWR0aD0iMSIgaGVpZ2h0PSIxIiB4bWxucz0iaHR0cDovL3d3dy53My5vcmcvMjAwMC9zdmciPjwvc3ZnPg==\" class=\"lazyload\">\n\t\t\t\t\t\t<span>Ver ahora<\/span>\n\t\t\t\t\t<\/a>\n\t\t\t\t\n\t\t\t<\/div>\n\t\t\t<!-- Player oculto flotante -->\n\t\t\t\t\t<\/div>\n\t<\/li>\n\n\n\t\t\t\t\t<\/ul>\n\t\t\t\t<\/div>\n\t\t\t<\/div>\n\t\t<\/div>\n\t<\/div>\n<div class=\"vcex-shortcode wpex-clr\"><\/div>[\/vc_column_inner][\/vc_row_inner][\/vc_column][\/vc_row][vc_row full_width=&#8221;stretch_row&#8221; content_placement=&#8221;middle&#8221;][vc_column css=&#8221;.vc_custom_1761568495519{padding-bottom: 100px !important;}&#8221;][vc_row_inner el_class=&#8221;af-padding-top-120 af-padding-bottom-120 af-sobre-overlay&#8221;][vc_column_inner]<div class=\"vcex-heading vcex-heading-plain vcex-module wpex-heading wpex-text-2xl af-blanco af-encabezado-grande mayusculas\"><span class=\"vcex-heading-inner wpex-inline-block\">POPULARES EN TV <span style=\"color:#fcde7b !important\">ARTE Y EXPOSICIONES<\/span><\/span><\/div>\t<div class=\"af-categoria-contenidos af-categoria-contenidos-slider\">\n\t\t<div class=\"af-filtro-categorias-container\">\n\t\t\t<div class=\"af-filtro-categorias\">\n\t\t\t\t<h2 class=\"af-encabezado-mediano af-categoria-principal-titulo\">\n\t\t\t\t\t<a href=\"https:\/\/afundacion.tv\/categorias\/arte-y-exposiciones\/\" class=\"af-oculto-moviles\" style=\"color:#fcde7b\">Arte y exposiciones<\/a>\n\t\t\t\t\t<a href=\"#\" class=\"af-oculto-escritorio af-categorias-filtro-principal\" data-target=\"todos\" data-categoria=\"6\" data-color=\"#fcde7b\" style=\"color:#fcde7b\">Arte y exposiciones <span class=\"af-icono-despliega-subcategorias ticon ticon-chevron-down\"><\/span><\/a>\n\t\t\t\t<\/h2>\n\t\t\t\t<a href=\"#\" class=\"af-categorias-filtro af-subcategorias-filtro af-subcategoria-6\" data-color=\"#fcde7b\" data-todo=\"no\" data-id=\"88\" data-target=\"contenedor-slider-6\">Conferencias e coloquios<span style=\"background-color:#fcde7b\"><\/span><\/a><a href=\"#\" class=\"af-categorias-filtro af-subcategorias-filtro af-subcategoria-6\" data-color=\"#fcde7b\" data-todo=\"no\" data-id=\"89\" data-target=\"contenedor-slider-6\">Entrevistas<span style=\"background-color:#fcde7b\"><\/span><\/a><a href=\"#\" class=\"af-categorias-filtro af-subcategorias-filtro af-subcategoria-6\" data-color=\"#fcde7b\" data-todo=\"no\" data-id=\"243\" data-target=\"contenedor-slider-6\">Obradoiros e cursos<span style=\"background-color:#fcde7b\"><\/span><\/a><a href=\"#\" class=\"af-categorias-filtro af-subcategorias-filtro af-subcategoria-6\" data-color=\"#fcde7b\" data-todo=\"no\" data-id=\"90\" data-target=\"contenedor-slider-6\">Percorridos virtuais<span style=\"background-color:#fcde7b\"><\/span><\/a>\t\t\t<\/div>\n\t\t\t<div class=\"af-categorias-ver-todo\">\n\t\t\t\t<a href=\"#\" class=\"af-categorias-filtro\" data-id=\"6\" data-color=\"#fcde7b\" data-target=\"contenedor-slider-6\" data-todo=\"si\">Ver todo<\/a>\n\t\t\t<\/div>\n\t\t<\/div>\n\n\t\t<div class=\"af-contenedor-splide\" id=\"contenedor-slider-6\">\n\t\t\t<div class=\"splide\" data-flechas=\"no\" id=\"af-categoria-6\">\n\t\t\t\t<div class=\"splide__track\">\n\t\t\t\t\t<ul class=\"splide__list af-blanco\">\n\t\t\t\t\t\t\t<li class=\"splide__slide todos conferencias-y-coloquios af-contenido-carta-container\">\n\t\t<div style=\"display:flex; flex-direction:column; height:100%; justify-content:space-between;\">\n\t\t\t<a class=\"af-link-categoria-contenido\" href=\"https:\/\/afundacion.tv\/gl\/contenido\/conversamos-co-xornalista-e-fotografo-gervasio-sanchez-no-marco-da-bienal-de-pontevedra\/\">\n\t\t\t\t<div class=\"af-thumb-categoria-contenido-container lazyload\" style=\"background-image:inherit\" data-bg-image=\"url(&#039;https:\/\/afundacion.tv\/wp-content\/uploads\/2025\/07\/thumb-9-370x225.jpg&#039;)\">\n\t\t\t\t\t<div class=\"af-overlay-transparente af-overlay-categoria-contenido\"><\/div>\n\t\t\t\t\t<div class=\"af-titulo-dentro-categoria\" style=\"border-color:#fcde7b\">\n\t\t\t\t\t\tEntrevistas\t\t\t\t\t<\/div>\n\t\t\t\t\t<div class=\"af-pieza-desc-container\">\n\t\t\t\t\t\t<div>\n\t\t\t\t\t\t\t\t\t\t\t\t\t<\/div>\n\t\t\t\t\t\t<div class=\"af-pieza-desc-meta\"><span>00:00<\/span><\/div>\n\t\t\t\t\t<\/div>\n\t\t\t\t<\/div>\n\t\t\t\t<h3 class=\"af-titulo-categoria-pieza\">Conversamos co xornalista e fot\u00f3grafo Gervasio S\u00e1nchez no marco da Bienal de Pontevedra<\/h3>\n\t\t\t<\/a>\n\t\t\t<div class=\"af-contenedor-botones-loop\">\n\n\t\t\t\t\t\t\t\t\t<a href=\"https:\/\/site.iconmarketing.es\/afundacion\/contenido\/conversamos-con-el-periodista-y-fotografo-gervasio-sanchez-en-el-marco-de-la-bienal-de-pontevedra\/\"\n\t\t\t\t\t\tclass=\"af-boton af-boton-con-icono af-boton-loop-solo af-boton-rosa\">\n\t\t\t\t\t\t<img data-src=\"https:\/\/site.iconmarketing.es\/afundacion\/wp-content\/uploads\/2021\/05\/play-icono-min.svg\" alt=\"Ver ahora Conversamos co xornalista e fot\u00f3grafo Gervasio S\u00e1nchez no marco da Bienal de Pontevedra\" src=\"data:image\/svg+xml;base64,PHN2ZyB3aWR0aD0iMSIgaGVpZ2h0PSIxIiB4bWxucz0iaHR0cDovL3d3dy53My5vcmcvMjAwMC9zdmciPjwvc3ZnPg==\" class=\"lazyload\">\n\t\t\t\t\t\t<span>Ver ahora<\/span>\n\t\t\t\t\t<\/a>\n\t\t\t\t\n\t\t\t<\/div>\n\t\t\t<!-- Player oculto flotante -->\n\t\t\t\t\t<\/div>\n\t<\/li>\n\n\n\t<li class=\"splide__slide todos conferencias-y-coloquios af-contenido-carta-container\">\n\t\t<div style=\"display:flex; flex-direction:column; height:100%; justify-content:space-between;\">\n\t\t\t<a class=\"af-link-categoria-contenido\" href=\"https:\/\/afundacion.tv\/gl\/contenido\/proxecto-expositivo-simultanea-conversamos-con-ilustradores-e-ilustradoras\/\">\n\t\t\t\t<div class=\"af-thumb-categoria-contenido-container lazyload\" style=\"background-image:inherit\" data-bg-image=\"url(&#039;https:\/\/afundacion.tv\/wp-content\/uploads\/2025\/02\/Captura-de-pantalla-2025-02-05-a-las-12.42.09-370x225.png&#039;)\">\n\t\t\t\t\t<div class=\"af-overlay-transparente af-overlay-categoria-contenido\"><\/div>\n\t\t\t\t\t<div class=\"af-titulo-dentro-categoria\" style=\"border-color:#fcde7b\">\n\t\t\t\t\t\tEntrevistas\t\t\t\t\t<\/div>\n\t\t\t\t\t<div class=\"af-pieza-desc-container\">\n\t\t\t\t\t\t<div>\n\t\t\t\t\t\t\tDestacados ilustradores e ilustradoras debuxan en directo nas salas de \u00abSimult\u00e1nea\u00bb. O p\u00fablico puido ver en directo como se inspiran, crean e reinterpretan algunha das obras pertencentes \u00e1 Colecci\u00f3n de Arte Afundaci\u00f3n. Entre os artistas que participaron at\u00f3panse Flavita [m\u00e1s informaci\u00f3n...]\t\t\t\t\t\t<\/div>\n\t\t\t\t\t\t<div class=\"af-pieza-desc-meta\"><span>7 cap\u00edtulos<\/span><\/div>\n\t\t\t\t\t<\/div>\n\t\t\t\t<\/div>\n\t\t\t\t<h3 class=\"af-titulo-categoria-pieza\">Proxecto expositivo Simult\u00e1nea &#8211; Conversamos con ilustradores e ilustradoras<\/h3>\n\t\t\t<\/a>\n\t\t\t<div class=\"af-contenedor-botones-loop\">\n\n\t\t\t\t\t\t\t\t\t<a href=\"https:\/\/site.iconmarketing.es\/afundacion\/contenido\/conversamos-con-el-periodista-y-fotografo-gervasio-sanchez-en-el-marco-de-la-bienal-de-pontevedra\/\"\n\t\t\t\t\t\tclass=\"af-boton af-boton-con-icono af-boton-loop-solo af-boton-rosa\">\n\t\t\t\t\t\t<img data-src=\"https:\/\/site.iconmarketing.es\/afundacion\/wp-content\/uploads\/2021\/05\/play-icono-min.svg\" alt=\"Ver ahora Proxecto expositivo Simult\u00e1nea &#8211; Conversamos con ilustradores e ilustradoras\" src=\"data:image\/svg+xml;base64,PHN2ZyB3aWR0aD0iMSIgaGVpZ2h0PSIxIiB4bWxucz0iaHR0cDovL3d3dy53My5vcmcvMjAwMC9zdmciPjwvc3ZnPg==\" class=\"lazyload\">\n\t\t\t\t\t\t<span>Ver ahora<\/span>\n\t\t\t\t\t<\/a>\n\t\t\t\t\n\t\t\t<\/div>\n\t\t\t<!-- Player oculto flotante -->\n\t\t\t\t\t<\/div>\n\t<\/li>\n\n\n\t<li class=\"splide__slide todos conferencias-y-coloquios af-contenido-carta-container\">\n\t\t<div style=\"display:flex; flex-direction:column; height:100%; justify-content:space-between;\">\n\t\t\t<a class=\"af-link-categoria-contenido\" href=\"https:\/\/afundacion.tv\/gl\/contenido\/proxecto-expositivo-simultanea-outras-entrevistas\/\">\n\t\t\t\t<div class=\"af-thumb-categoria-contenido-container lazyload\" style=\"background-image:inherit\" data-bg-image=\"url(&#039;https:\/\/afundacion.tv\/wp-content\/uploads\/2025\/01\/SA700738-370x225.jpg&#039;)\">\n\t\t\t\t\t<div class=\"af-overlay-transparente af-overlay-categoria-contenido\"><\/div>\n\t\t\t\t\t<div class=\"af-titulo-dentro-categoria\" style=\"border-color:#fcde7b\">\n\t\t\t\t\t\tEntrevistas\t\t\t\t\t<\/div>\n\t\t\t\t\t<div class=\"af-pieza-desc-container\">\n\t\t\t\t\t\t<div>\n\t\t\t\t\t\t\t\t\t\t\t\t\t<\/div>\n\t\t\t\t\t\t<div class=\"af-pieza-desc-meta\"><span>3 cap\u00edtulos<\/span><\/div>\n\t\t\t\t\t<\/div>\n\t\t\t\t<\/div>\n\t\t\t\t<h3 class=\"af-titulo-categoria-pieza\">Proxecto Expositivo SIMULT\u00c1NEA &#8211; Outras entrevistas<\/h3>\n\t\t\t<\/a>\n\t\t\t<div class=\"af-contenedor-botones-loop\">\n\n\t\t\t\t\t\t\t\t\t<a href=\"https:\/\/site.iconmarketing.es\/afundacion\/contenido\/conversamos-con-el-periodista-y-fotografo-gervasio-sanchez-en-el-marco-de-la-bienal-de-pontevedra\/\"\n\t\t\t\t\t\tclass=\"af-boton af-boton-con-icono af-boton-loop-solo af-boton-rosa\">\n\t\t\t\t\t\t<img data-src=\"https:\/\/site.iconmarketing.es\/afundacion\/wp-content\/uploads\/2021\/05\/play-icono-min.svg\" alt=\"Ver ahora Proxecto Expositivo SIMULT\u00c1NEA &#8211; Outras entrevistas\" src=\"data:image\/svg+xml;base64,PHN2ZyB3aWR0aD0iMSIgaGVpZ2h0PSIxIiB4bWxucz0iaHR0cDovL3d3dy53My5vcmcvMjAwMC9zdmciPjwvc3ZnPg==\" class=\"lazyload\">\n\t\t\t\t\t\t<span>Ver ahora<\/span>\n\t\t\t\t\t<\/a>\n\t\t\t\t\n\t\t\t<\/div>\n\t\t\t<!-- Player oculto flotante -->\n\t\t\t\t\t<\/div>\n\t<\/li>\n\n\n\t<li class=\"splide__slide todos conferencias-y-coloquios af-contenido-carta-container\">\n\t\t<div style=\"display:flex; flex-direction:column; height:100%; justify-content:space-between;\">\n\t\t\t<a class=\"af-link-categoria-contenido\" href=\"https:\/\/afundacion.tv\/gl\/contenido\/educacion-seculo-xxi-do-mercado-da-arte-ao-pensamento-artistico-con-maria-acaso\/\">\n\t\t\t\t<div class=\"af-thumb-categoria-contenido-container lazyload\" style=\"background-image:inherit\" data-bg-image=\"url(&#039;https:\/\/afundacion.tv\/wp-content\/uploads\/2024\/12\/maria_acaso-370x225.jpeg&#039;)\">\n\t\t\t\t\t<div class=\"af-overlay-transparente af-overlay-categoria-contenido\"><\/div>\n\t\t\t\t\t<div class=\"af-titulo-dentro-categoria\" style=\"border-color:#fcde7b\">\n\t\t\t\t\t\tConferencias e coloquios\t\t\t\t\t<\/div>\n\t\t\t\t\t<div class=\"af-pieza-desc-container\">\n\t\t\t\t\t\t<div>\n\t\t\t\t\t\t\t\t\t\t\t\t\t<\/div>\n\t\t\t\t\t\t<div class=\"af-pieza-desc-meta\"><span>00:00<\/span><\/div>\n\t\t\t\t\t<\/div>\n\t\t\t\t<\/div>\n\t\t\t\t<h3 class=\"af-titulo-categoria-pieza\">Educaci\u00f3n S\u00e9culo XXI: \u00abDo mercado da arte ao pensamento art\u00edstico\u00bb con Mar\u00eda Acaso<\/h3>\n\t\t\t<\/a>\n\t\t\t<div class=\"af-contenedor-botones-loop\">\n\n\t\t\t\t\t\t\t\t\t<a href=\"https:\/\/site.iconmarketing.es\/afundacion\/contenido\/conversamos-con-el-periodista-y-fotografo-gervasio-sanchez-en-el-marco-de-la-bienal-de-pontevedra\/\"\n\t\t\t\t\t\tclass=\"af-boton af-boton-con-icono af-boton-loop-solo af-boton-rosa\">\n\t\t\t\t\t\t<img data-src=\"https:\/\/site.iconmarketing.es\/afundacion\/wp-content\/uploads\/2021\/05\/play-icono-min.svg\" alt=\"Ver ahora Educaci\u00f3n S\u00e9culo XXI: \u00abDo mercado da arte ao pensamento art\u00edstico\u00bb con Mar\u00eda Acaso\" src=\"data:image\/svg+xml;base64,PHN2ZyB3aWR0aD0iMSIgaGVpZ2h0PSIxIiB4bWxucz0iaHR0cDovL3d3dy53My5vcmcvMjAwMC9zdmciPjwvc3ZnPg==\" class=\"lazyload\">\n\t\t\t\t\t\t<span>Ver ahora<\/span>\n\t\t\t\t\t<\/a>\n\t\t\t\t\n\t\t\t<\/div>\n\t\t\t<!-- Player oculto flotante -->\n\t\t\t\t\t<\/div>\n\t<\/li>\n\n\n\t\t\t\t\t<\/ul>\n\t\t\t\t<\/div>\n\t\t\t<\/div>\n\t\t<\/div>\n\t<\/div>\n<div class=\"vcex-shortcode wpex-clr\"><\/div>[\/vc_column_inner][\/vc_row_inner][\/vc_column][\/vc_row][vc_section][vc_row][vc_column]<div class=\"vcex-heading vcex-heading-plain vcex-module wpex-heading wpex-text-2xl af-blanco af-encabezado-grande mayusculas\"><span class=\"vcex-heading-inner wpex-inline-block\">LO \u00daLTIMO EN TV EN <span style=\"color:#ea88c1 !important\">ARTES ESC\u00c9NICAS<\/span><\/span><\/div>\t<div class=\"af-categoria-contenidos af-categoria-contenidos-slider\">\n\t\t<div class=\"af-filtro-categorias-container\">\n\t\t\t<div class=\"af-filtro-categorias\">\n\t\t\t\t<h2 class=\"af-encabezado-mediano af-categoria-principal-titulo\">\n\t\t\t\t\t<a href=\"https:\/\/afundacion.tv\/categorias\/artes-escenicas-y-musicales\/\" class=\"af-oculto-moviles\" style=\"color:#ea88c1\">Artes esc\u00e9nicas y musicales<\/a>\n\t\t\t\t\t<a href=\"#\" class=\"af-oculto-escritorio af-categorias-filtro-principal\" data-target=\"todos\" data-categoria=\"7\" data-color=\"#ea88c1\" style=\"color:#ea88c1\">Artes esc\u00e9nicas y musicales <span class=\"af-icono-despliega-subcategorias ticon ticon-chevron-down\"><\/span><\/a>\n\t\t\t\t<\/h2>\n\t\t\t\t<a href=\"#\" class=\"af-categorias-filtro af-subcategorias-filtro af-subcategoria-7\" data-color=\"#ea88c1\" data-todo=\"no\" data-id=\"244\" data-target=\"contenedor-slider-7\">Cine<span style=\"background-color:#ea88c1\"><\/span><\/a><a href=\"#\" class=\"af-categorias-filtro af-subcategorias-filtro af-subcategoria-7\" data-color=\"#ea88c1\" data-todo=\"no\" data-id=\"83\" data-target=\"contenedor-slider-7\">Infantil<span style=\"background-color:#ea88c1\"><\/span><\/a><a href=\"#\" class=\"af-categorias-filtro af-subcategorias-filtro af-subcategoria-7\" data-color=\"#ea88c1\" data-todo=\"no\" data-id=\"273\" data-target=\"contenedor-slider-7\">M\u00fasica<span style=\"background-color:#ea88c1\"><\/span><\/a>\t\t\t<\/div>\n\t\t\t<div class=\"af-categorias-ver-todo\">\n\t\t\t\t<a href=\"#\" class=\"af-categorias-filtro\" data-id=\"7\" data-color=\"#ea88c1\" data-target=\"contenedor-slider-7\" data-todo=\"si\">Ver todo<\/a>\n\t\t\t<\/div>\n\t\t<\/div>\n\n\t\t<div class=\"af-contenedor-splide\" id=\"contenedor-slider-7\">\n\t\t\t<div class=\"splide\" data-flechas=\"no\" id=\"af-categoria-7\">\n\t\t\t\t<div class=\"splide__track\">\n\t\t\t\t\t<ul class=\"splide__list af-blanco\">\n\t\t\t\t\t\t\t<li class=\"splide__slide todos conferencias-y-coloquios af-contenido-carta-container\">\n\t\t<div style=\"display:flex; flex-direction:column; height:100%; justify-content:space-between;\">\n\t\t\t<a class=\"af-link-categoria-contenido\" href=\"https:\/\/afundacion.tv\/gl\/contenido\/imaxinaria-iv-festival-internacional-de-animacion-afundacion-coloquio-con-alberto-vazquez-e-pamela-poltronieri\/\">\n\t\t\t\t<div class=\"af-thumb-categoria-contenido-container lazyload\" style=\"background-image:inherit\" data-bg-image=\"url(&#039;https:\/\/afundacion.tv\/wp-content\/uploads\/2026\/03\/WhatsApp-Image-2026-03-25-at-10.02.02-370x300.jpeg&#039;)\">\n\t\t\t\t\t<div class=\"af-overlay-transparente af-overlay-categoria-contenido\"><\/div>\n\t\t\t\t\t<div class=\"af-titulo-dentro-categoria\" style=\"border-color:#ea88c1\">\n\t\t\t\t\t\tCine\t\t\t\t\t<\/div>\n\t\t\t\t\t<div class=\"af-pieza-desc-container\">\n\t\t\t\t\t\t<div>\n\t\t\t\t\t\t\tColoquio sobre \"Decorado\", o novo filme do director coru\u00f1\u00e9s Alberto V\u00e1zquez, ga\u00f1adora dun Goya, co seu director e a s\u00faa directora de animaci\u00f3n\t\t\t\t\t\t<\/div>\n\t\t\t\t\t\t<div class=\"af-pieza-desc-meta\"><span>00:00<\/span><\/div>\n\t\t\t\t\t<\/div>\n\t\t\t\t<\/div>\n\t\t\t\t<h3 class=\"af-titulo-categoria-pieza\">IMAXINARIA &#8211; IV FESTIVAL INTERNACIONAL DE ANIMACI\u00d3N AFUNDACI\u00d3N: COLOQUIO CON ALBERTO V\u00c1ZQUEZ E PAMELA POLTRONIERI<\/h3>\n\t\t\t<\/a>\n\t\t\t<div class=\"af-contenedor-botones-loop\">\n\n\t\t\t\t\t\t\t\t\t<a href=\"https:\/\/site.iconmarketing.es\/afundacion\/contenido\/conversamos-con-el-periodista-y-fotografo-gervasio-sanchez-en-el-marco-de-la-bienal-de-pontevedra\/\"\n\t\t\t\t\t\tclass=\"af-boton af-boton-con-icono af-boton-loop-solo af-boton-rosa\">\n\t\t\t\t\t\t<img data-src=\"https:\/\/site.iconmarketing.es\/afundacion\/wp-content\/uploads\/2021\/05\/play-icono-min.svg\" alt=\"Ver ahora IMAXINARIA &#8211; IV FESTIVAL INTERNACIONAL DE ANIMACI\u00d3N AFUNDACI\u00d3N: COLOQUIO CON ALBERTO V\u00c1ZQUEZ E PAMELA POLTRONIERI\" src=\"data:image\/svg+xml;base64,PHN2ZyB3aWR0aD0iMSIgaGVpZ2h0PSIxIiB4bWxucz0iaHR0cDovL3d3dy53My5vcmcvMjAwMC9zdmciPjwvc3ZnPg==\" class=\"lazyload\">\n\t\t\t\t\t\t<span>Ver ahora<\/span>\n\t\t\t\t\t<\/a>\n\t\t\t\t\n\t\t\t<\/div>\n\t\t\t<!-- Player oculto flotante -->\n\t\t\t\t\t<\/div>\n\t<\/li>\n\n\n\t<li class=\"splide__slide todos conferencias-y-coloquios af-contenido-carta-container\">\n\t\t<div style=\"display:flex; flex-direction:column; height:100%; justify-content:space-between;\">\n\t\t\t<a class=\"af-link-categoria-contenido\" href=\"https:\/\/afundacion.tv\/gl\/contenido\/festival-butaca-de-jazz-2025\/\">\n\t\t\t\t<div class=\"af-thumb-categoria-contenido-container lazyload\" style=\"background-image:inherit\" data-bg-image=\"url(&#039;https:\/\/afundacion.tv\/wp-content\/uploads\/2025\/12\/butacadejazz_1400x900px__maxwidth-370x300.jpg&#039;)\">\n\t\t\t\t\t<div class=\"af-overlay-transparente af-overlay-categoria-contenido\"><\/div>\n\t\t\t\t\t<div class=\"af-titulo-dentro-categoria\" style=\"border-color:#ea88c1\">\n\t\t\t\t\t\t\t\t\t\t\t<\/div>\n\t\t\t\t\t<div class=\"af-pieza-desc-container\">\n\t\t\t\t\t\t<div>\n\t\t\t\t\t\t\t\t\t\t\t\t\t<\/div>\n\t\t\t\t\t\t<div class=\"af-pieza-desc-meta\"><span>3 cap\u00edtulos<\/span><\/div>\n\t\t\t\t\t<\/div>\n\t\t\t\t<\/div>\n\t\t\t\t<h3 class=\"af-titulo-categoria-pieza\">Festival Butaca de Jazz 2025<\/h3>\n\t\t\t<\/a>\n\t\t\t<div class=\"af-contenedor-botones-loop\">\n\n\t\t\t\t\t\t\t\t\t<a href=\"https:\/\/site.iconmarketing.es\/afundacion\/contenido\/conversamos-con-el-periodista-y-fotografo-gervasio-sanchez-en-el-marco-de-la-bienal-de-pontevedra\/\"\n\t\t\t\t\t\tclass=\"af-boton af-boton-con-icono af-boton-loop-solo af-boton-rosa\">\n\t\t\t\t\t\t<img data-src=\"https:\/\/site.iconmarketing.es\/afundacion\/wp-content\/uploads\/2021\/05\/play-icono-min.svg\" alt=\"Ver ahora Festival Butaca de Jazz 2025\" src=\"data:image\/svg+xml;base64,PHN2ZyB3aWR0aD0iMSIgaGVpZ2h0PSIxIiB4bWxucz0iaHR0cDovL3d3dy53My5vcmcvMjAwMC9zdmciPjwvc3ZnPg==\" class=\"lazyload\">\n\t\t\t\t\t\t<span>Ver ahora<\/span>\n\t\t\t\t\t<\/a>\n\t\t\t\t\n\t\t\t<\/div>\n\t\t\t<!-- Player oculto flotante -->\n\t\t\t\t\t<\/div>\n\t<\/li>\n\n\n\t<li class=\"splide__slide todos conferencias-y-coloquios af-contenido-carta-container\">\n\t\t<div style=\"display:flex; flex-direction:column; height:100%; justify-content:space-between;\">\n\t\t\t<a class=\"af-link-categoria-contenido\" href=\"https:\/\/afundacion.tv\/gl\/contenido\/espectaculo-superarte-o-espectaculo-inclusivo-mais-importante-de-europa\/\">\n\t\t\t\t<div class=\"af-thumb-categoria-contenido-container lazyload\" style=\"background-image:inherit\" data-bg-image=\"url(&#039;https:\/\/afundacion.tv\/wp-content\/uploads\/2025\/12\/b7edfafa-afde-48a8-aa92-a3df4383f0d0-370x300.jpg&#039;)\">\n\t\t\t\t\t<div class=\"af-overlay-transparente af-overlay-categoria-contenido\"><\/div>\n\t\t\t\t\t<div class=\"af-titulo-dentro-categoria\" style=\"border-color:#ea88c1\">\n\t\t\t\t\t\t\t\t\t\t\t<\/div>\n\t\t\t\t\t<div class=\"af-pieza-desc-container\">\n\t\t\t\t\t\t<div>\n\t\t\t\t\t\t\tO Teatro Afundaci\u00f3n de Vigo acolle, por primeira vez en Galicia, SuperArte, considerado o espect\u00e1culo inclusivo m\u00e1is importante de Europa. O evento, promovido pola Fundaci\u00f3n SIFU coa colaboraci\u00f3n de Afundaci\u00f3n, ten como obxectivo visibilizar o talento art\u00edstico de persoas [m\u00e1s informaci\u00f3n...]\t\t\t\t\t\t<\/div>\n\t\t\t\t\t\t<div class=\"af-pieza-desc-meta\"><span>00:00<\/span><\/div>\n\t\t\t\t\t<\/div>\n\t\t\t\t<\/div>\n\t\t\t\t<h3 class=\"af-titulo-categoria-pieza\">Espect\u00e1culo SuperArte, o espect\u00e1culo inclusivo m\u00e1is importante de Europa<\/h3>\n\t\t\t<\/a>\n\t\t\t<div class=\"af-contenedor-botones-loop\">\n\n\t\t\t\t\t\t\t\t\t<a href=\"https:\/\/site.iconmarketing.es\/afundacion\/contenido\/conversamos-con-el-periodista-y-fotografo-gervasio-sanchez-en-el-marco-de-la-bienal-de-pontevedra\/\"\n\t\t\t\t\t\tclass=\"af-boton af-boton-con-icono af-boton-loop-solo af-boton-rosa\">\n\t\t\t\t\t\t<img data-src=\"https:\/\/site.iconmarketing.es\/afundacion\/wp-content\/uploads\/2021\/05\/play-icono-min.svg\" alt=\"Ver ahora Espect\u00e1culo SuperArte, o espect\u00e1culo inclusivo m\u00e1is importante de Europa\" src=\"data:image\/svg+xml;base64,PHN2ZyB3aWR0aD0iMSIgaGVpZ2h0PSIxIiB4bWxucz0iaHR0cDovL3d3dy53My5vcmcvMjAwMC9zdmciPjwvc3ZnPg==\" class=\"lazyload\">\n\t\t\t\t\t\t<span>Ver ahora<\/span>\n\t\t\t\t\t<\/a>\n\t\t\t\t\n\t\t\t<\/div>\n\t\t\t<!-- Player oculto flotante -->\n\t\t\t\t\t<\/div>\n\t<\/li>\n\n\n\t<li class=\"splide__slide todos conferencias-y-coloquios af-contenido-carta-container\">\n\t\t<div style=\"display:flex; flex-direction:column; height:100%; justify-content:space-between;\">\n\t\t\t<a class=\"af-link-categoria-contenido\" href=\"https:\/\/afundacion.tv\/gl\/contenido\/imaxinaria-iii-festival-internacional-de-animacion-afundacion-charla-sobre-animacion-con-coke-rioboo\/\">\n\t\t\t\t<div class=\"af-thumb-categoria-contenido-container lazyload\" style=\"background-image:inherit\" data-bg-image=\"url(&#039;https:\/\/afundacion.tv\/wp-content\/uploads\/2025\/04\/20250314-imaxinaria-079-by-andrea-rodriguez-370x225.jpeg&#039;)\">\n\t\t\t\t\t<div class=\"af-overlay-transparente af-overlay-categoria-contenido\"><\/div>\n\t\t\t\t\t<div class=\"af-titulo-dentro-categoria\" style=\"border-color:#ea88c1\">\n\t\t\t\t\t\tCine\t\t\t\t\t<\/div>\n\t\t\t\t\t<div class=\"af-pieza-desc-container\">\n\t\t\t\t\t\t<div>\n\t\t\t\t\t\t\t\t\t\t\t\t\t<\/div>\n\t\t\t\t\t\t<div class=\"af-pieza-desc-meta\"><span>00:00<\/span><\/div>\n\t\t\t\t\t<\/div>\n\t\t\t\t<\/div>\n\t\t\t\t<h3 class=\"af-titulo-categoria-pieza\">IMAXINARIA &#8211; III Festival Internacional de Animaci\u00f3n Afundaci\u00f3n: Charla sobre animaci\u00f3n con Coke Rioboo<\/h3>\n\t\t\t<\/a>\n\t\t\t<div class=\"af-contenedor-botones-loop\">\n\n\t\t\t\t\t\t\t\t\t<a href=\"https:\/\/site.iconmarketing.es\/afundacion\/contenido\/conversamos-con-el-periodista-y-fotografo-gervasio-sanchez-en-el-marco-de-la-bienal-de-pontevedra\/\"\n\t\t\t\t\t\tclass=\"af-boton af-boton-con-icono af-boton-loop-solo af-boton-rosa\">\n\t\t\t\t\t\t<img data-src=\"https:\/\/site.iconmarketing.es\/afundacion\/wp-content\/uploads\/2021\/05\/play-icono-min.svg\" alt=\"Ver ahora IMAXINARIA &#8211; III Festival Internacional de Animaci\u00f3n Afundaci\u00f3n: Charla sobre animaci\u00f3n con Coke Rioboo\" src=\"data:image\/svg+xml;base64,PHN2ZyB3aWR0aD0iMSIgaGVpZ2h0PSIxIiB4bWxucz0iaHR0cDovL3d3dy53My5vcmcvMjAwMC9zdmciPjwvc3ZnPg==\" class=\"lazyload\">\n\t\t\t\t\t\t<span>Ver ahora<\/span>\n\t\t\t\t\t<\/a>\n\t\t\t\t\n\t\t\t<\/div>\n\t\t\t<!-- Player oculto flotante -->\n\t\t\t\t\t<\/div>\n\t<\/li>\n\n\n\t\t\t\t\t<\/ul>\n\t\t\t\t<\/div>\n\t\t\t<\/div>\n\t\t<\/div>\n\t<\/div>\n<div class=\"vcex-shortcode wpex-clr\"><\/div>[\/vc_column][\/vc_row][\/vc_section][vc_section][vc_row typography_style=&#8221;white&#8221;][vc_column css_animation=&#8221;fadeInUp&#8221; el_class=&#8221;af-padding-top-180 af-fila-padding-bottom-180&#8243;][\/vc_column][\/vc_row][\/vc_section][vc_section disable_element=&#8221;yes&#8221;][vc_row][vc_column]<div class=\"vcex-heading vcex-heading-plain vcex-module wpex-heading wpex-text-2xl af-blanco af-encabezado-grande af-margin-bottom-30 mayusculas\"><span class=\"vcex-heading-inner wpex-inline-block\">PR\u00d3XIMOS DIRECTOS<\/span><\/div>\n\t<div class=\"af-contenedor-splide\" id=\"af-contenedor-carrusel-productos\">\n\n\t\t<div class=\"splide\" id=\"af-carrusel-productos\">\n\t\t\t<div class=\"splide__track\">\n\t\t\t\t<ul class=\"splide__list\">\n\n\t\t\t\t\t\n\t\t\t\t<\/ul>\n\t\t\t<\/div>\n\t\t<\/div>\n\n\t<\/div>\n\n<div class=\"vcex-shortcode wpex-clr\"><\/div>[\/vc_column][\/vc_row][\/vc_section]\n<\/div>","protected":false},"excerpt":{"rendered":"<p>[vc_row full_width=&#8221;stretch_row_content_no_spaces&#8221; el_class=&#8221;af-slider-alacarta&#8221;][vc_column][\/vc_column][\/vc_row][vc_row full_width=&#8221;stretch_row&#8221; content_placement=&#8221;middle&#8221;][vc_column][vc_row_inner el_class=&#8221;af-padding-top-180 af-padding-bottom-120 af-sobre-overlay&#8221;][vc_column_inner el_class=&#8221;af-padding-top-90 af-fila-padding-bottom-180&#8243;][\/vc_column_inner][\/vc_row_inner][\/vc_column][\/vc_row][vc_section][vc_row typography_style=&#8221;white&#8221;][vc_column css_animation=&#8221;fadeInUp&#8221;][\/vc_column][\/vc_row][\/vc_section][vc_section full_width=&#8221;stretch_row&#8221; el_class=&#8221;bg-azul&#8221;][vc_row full_width=&#8221;stretch_row&#8221; content_placement=&#8221;middle&#8221; typography_style=&#8221;white&#8221;][vc_column el_class=&#8221;af-padding-top-180 af-fila-padding-bottom-180&#8243;][\/vc_column][\/vc_row][\/vc_section][vc_row full_width=&#8221;stretch_row&#8221; content_placement=&#8221;middle&#8221;][vc_column css=&#8221;.vc_custom_1761568495519{padding-bottom: 100px !important;}&#8221;][vc_row_inner el_class=&#8221;af-padding-top-120 af-padding-bottom-120 af-sobre-overlay&#8221;][vc_column_inner][\/vc_column_inner][\/vc_row_inner][\/vc_column][\/vc_row][vc_row full_width=&#8221;stretch_row&#8221; content_placement=&#8221;middle&#8221;][vc_column css=&#8221;.vc_custom_1761568495519{padding-bottom: 100px !important;}&#8221;][vc_row_inner el_class=&#8221;af-padding-top-120 af-padding-bottom-120 af-sobre-overlay&#8221;][vc_column_inner][\/vc_column_inner][\/vc_row_inner][\/vc_column][\/vc_row][vc_section][vc_row][vc_column][\/vc_column][\/vc_row][\/vc_section][vc_section][vc_row typography_style=&#8221;white&#8221;][vc_column css_animation=&#8221;fadeInUp&#8221; el_class=&#8221;af-padding-top-180 af-fila-padding-bottom-180&#8243;][\/vc_column][\/vc_row][\/vc_section][vc_section disable_element=&#8221;yes&#8221;][vc_row][vc_column][\/vc_column][\/vc_row][\/vc_section]<\/p>\n","protected":false},"author":1,"featured_media":0,"parent":0,"menu_order":0,"comment_status":"closed","ping_status":"closed","template":"","meta":{"_acf_changed":false,"inline_featured_image":false,"footnotes":""},"class_list":["post-1465","page","type-page","status-publish","hentry","entry","no-media"],"acf":[],"yoast_head":"<!-- This site is optimized with the Yoast SEO plugin v26.0 - https:\/\/yoast.com\/wordpress\/plugins\/seo\/ -->\n<title>Afundaci\u00f3n TV: Plataforma de educaci\u00f3n, formaci\u00f3n e entretemento en li\u00f1a<\/title>\n<meta name=\"description\" content=\"Plataforma da obra social ABANCA especializada en contidos dixitais para que aprendas e goces como, cando e onde queiras.\" \/>\n<meta name=\"robots\" content=\"index, follow, max-snippet:-1, max-image-preview:large, max-video-preview:-1\" \/>\n<link rel=\"canonical\" href=\"https:\/\/afundacion.tv\/\" \/>\n<meta property=\"og:locale\" content=\"gl_ES\" \/>\n<meta property=\"og:type\" content=\"article\" \/>\n<meta property=\"og:title\" content=\"Afundaci\u00f3n TV: Plataforma de educaci\u00f3n, formaci\u00f3n e entretemento en li\u00f1a\" \/>\n<meta property=\"og:description\" content=\"Plataforma da obra social ABANCA especializada en contidos dixitais para que aprendas e goces como, cando e onde queiras.\" \/>\n<meta property=\"og:url\" content=\"https:\/\/afundacion.tv\/\" \/>\n<meta property=\"og:site_name\" content=\"Afundaci\u00f3n TV\" \/>\n<meta property=\"article:modified_time\" content=\"2026-02-20T09:21:15+00:00\" \/>\n<meta name=\"twitter:card\" content=\"summary_large_image\" \/>\n<meta name=\"twitter:label1\" content=\"Tempo de lectura\" \/>\n\t<meta name=\"twitter:data1\" content=\"2 minutos\" \/>\n<script type=\"application\/ld+json\" class=\"yoast-schema-graph\">{\"@context\":\"https:\/\/schema.org\",\"@graph\":[{\"@type\":\"WebPage\",\"@id\":\"https:\/\/afundacion.tv\/\",\"url\":\"https:\/\/afundacion.tv\/\",\"name\":\"Afundaci\u00f3n TV: Plataforma de educaci\u00f3n, formaci\u00f3n e entretemento en li\u00f1a\",\"isPartOf\":{\"@id\":\"https:\/\/afundacion.tv\/#website\"},\"datePublished\":\"2021-05-06T08:44:34+00:00\",\"dateModified\":\"2026-02-20T09:21:15+00:00\",\"description\":\"Plataforma da obra social ABANCA especializada en contidos dixitais para que aprendas e goces como, cando e onde queiras.\",\"breadcrumb\":{\"@id\":\"https:\/\/afundacion.tv\/#breadcrumb\"},\"inLanguage\":\"gl-ES\",\"potentialAction\":[{\"@type\":\"ReadAction\",\"target\":[\"https:\/\/afundacion.tv\/\"]}]},{\"@type\":\"BreadcrumbList\",\"@id\":\"https:\/\/afundacion.tv\/#breadcrumb\",\"itemListElement\":[{\"@type\":\"ListItem\",\"position\":1,\"name\":\"Portada\",\"item\":\"https:\/\/afundacion.tv\/\"},{\"@type\":\"ListItem\",\"position\":2,\"name\":\"Portada\"}]},{\"@type\":\"WebSite\",\"@id\":\"https:\/\/afundacion.tv\/#website\",\"url\":\"https:\/\/afundacion.tv\/\",\"name\":\"Afundaci\u00f3n TV\",\"description\":\"\",\"publisher\":{\"@id\":\"https:\/\/afundacion.tv\/#organization\"},\"potentialAction\":[{\"@type\":\"SearchAction\",\"target\":{\"@type\":\"EntryPoint\",\"urlTemplate\":\"https:\/\/afundacion.tv\/?s={search_term_string}\"},\"query-input\":{\"@type\":\"PropertyValueSpecification\",\"valueRequired\":true,\"valueName\":\"search_term_string\"}}],\"inLanguage\":\"gl-ES\"},{\"@type\":\"Organization\",\"@id\":\"https:\/\/afundacion.tv\/#organization\",\"name\":\"Afundacion TV\",\"url\":\"https:\/\/afundacion.tv\/\",\"logo\":{\"@type\":\"ImageObject\",\"inLanguage\":\"gl-ES\",\"@id\":\"https:\/\/afundacion.tv\/#\/schema\/logo\/image\/\",\"url\":\"https:\/\/afundacion.tv\/wp-content\/uploads\/2021\/09\/atv-icon-152-01.png\",\"contentUrl\":\"https:\/\/afundacion.tv\/wp-content\/uploads\/2021\/09\/atv-icon-152-01.png\",\"width\":153,\"height\":153,\"caption\":\"Afundacion TV\"},\"image\":{\"@id\":\"https:\/\/afundacion.tv\/#\/schema\/logo\/image\/\"}}]}<\/script>\n<!-- \/ Yoast SEO plugin. -->","yoast_head_json":{"title":"Afundaci\u00f3n TV: Plataforma de educaci\u00f3n, formaci\u00f3n e entretemento en li\u00f1a","description":"Plataforma da obra social ABANCA especializada en contidos dixitais para que aprendas e goces como, cando e onde queiras.","robots":{"index":"index","follow":"follow","max-snippet":"max-snippet:-1","max-image-preview":"max-image-preview:large","max-video-preview":"max-video-preview:-1"},"canonical":"https:\/\/afundacion.tv\/","og_locale":"gl_ES","og_type":"article","og_title":"Afundaci\u00f3n TV: Plataforma de educaci\u00f3n, formaci\u00f3n e entretemento en li\u00f1a","og_description":"Plataforma da obra social ABANCA especializada en contidos dixitais para que aprendas e goces como, cando e onde queiras.","og_url":"https:\/\/afundacion.tv\/","og_site_name":"Afundaci\u00f3n TV","article_modified_time":"2026-02-20T09:21:15+00:00","twitter_card":"summary_large_image","twitter_misc":{"Tempo de lectura":"2 minutos"},"schema":{"@context":"https:\/\/schema.org","@graph":[{"@type":"WebPage","@id":"https:\/\/afundacion.tv\/","url":"https:\/\/afundacion.tv\/","name":"Afundaci\u00f3n TV: Plataforma de educaci\u00f3n, formaci\u00f3n e entretemento en li\u00f1a","isPartOf":{"@id":"https:\/\/afundacion.tv\/#website"},"datePublished":"2021-05-06T08:44:34+00:00","dateModified":"2026-02-20T09:21:15+00:00","description":"Plataforma da obra social ABANCA especializada en contidos dixitais para que aprendas e goces como, cando e onde queiras.","breadcrumb":{"@id":"https:\/\/afundacion.tv\/#breadcrumb"},"inLanguage":"gl-ES","potentialAction":[{"@type":"ReadAction","target":["https:\/\/afundacion.tv\/"]}]},{"@type":"BreadcrumbList","@id":"https:\/\/afundacion.tv\/#breadcrumb","itemListElement":[{"@type":"ListItem","position":1,"name":"Portada","item":"https:\/\/afundacion.tv\/"},{"@type":"ListItem","position":2,"name":"Portada"}]},{"@type":"WebSite","@id":"https:\/\/afundacion.tv\/#website","url":"https:\/\/afundacion.tv\/","name":"Afundaci\u00f3n TV","description":"","publisher":{"@id":"https:\/\/afundacion.tv\/#organization"},"potentialAction":[{"@type":"SearchAction","target":{"@type":"EntryPoint","urlTemplate":"https:\/\/afundacion.tv\/?s={search_term_string}"},"query-input":{"@type":"PropertyValueSpecification","valueRequired":true,"valueName":"search_term_string"}}],"inLanguage":"gl-ES"},{"@type":"Organization","@id":"https:\/\/afundacion.tv\/#organization","name":"Afundacion TV","url":"https:\/\/afundacion.tv\/","logo":{"@type":"ImageObject","inLanguage":"gl-ES","@id":"https:\/\/afundacion.tv\/#\/schema\/logo\/image\/","url":"https:\/\/afundacion.tv\/wp-content\/uploads\/2021\/09\/atv-icon-152-01.png","contentUrl":"https:\/\/afundacion.tv\/wp-content\/uploads\/2021\/09\/atv-icon-152-01.png","width":153,"height":153,"caption":"Afundacion TV"},"image":{"@id":"https:\/\/afundacion.tv\/#\/schema\/logo\/image\/"}}]}},"_links":{"self":[{"href":"https:\/\/afundacion.tv\/gl\/wp-json\/wp\/v2\/pages\/1465","targetHints":{"allow":["GET"]}}],"collection":[{"href":"https:\/\/afundacion.tv\/gl\/wp-json\/wp\/v2\/pages"}],"about":[{"href":"https:\/\/afundacion.tv\/gl\/wp-json\/wp\/v2\/types\/page"}],"author":[{"embeddable":true,"href":"https:\/\/afundacion.tv\/gl\/wp-json\/wp\/v2\/users\/1"}],"replies":[{"embeddable":true,"href":"https:\/\/afundacion.tv\/gl\/wp-json\/wp\/v2\/comments?post=1465"}],"version-history":[{"count":29,"href":"https:\/\/afundacion.tv\/gl\/wp-json\/wp\/v2\/pages\/1465\/revisions"}],"predecessor-version":[{"id":8248,"href":"https:\/\/afundacion.tv\/gl\/wp-json\/wp\/v2\/pages\/1465\/revisions\/8248"}],"wp:attachment":[{"href":"https:\/\/afundacion.tv\/gl\/wp-json\/wp\/v2\/media?parent=1465"}],"curies":[{"name":"wp","href":"https:\/\/api.w.org\/{rel}","templated":true}]}}