{"id":6328,"date":"2024-10-16T17:09:18","date_gmt":"2024-10-16T15:09:18","guid":{"rendered":"https:\/\/afundacion.tv\/contenido\/dialogos-sobre-lonxevidade-e-envellecemento\/dialogos-sobre-lonxevidade-e-envellecemento-myriam-gorospe-e-manuel-collado\/"},"modified":"2024-10-21T11:38:32","modified_gmt":"2024-10-21T09:38:32","slug":"dialogos-sobre-lonxevidade-e-envellecemento-myriam-gorospe-e-manuel-collado","status":"publish","type":"contenido","link":"https:\/\/afundacion.tv\/gl\/contenido\/dialogos-sobre-lonxevidade-e-envellecemento\/dialogos-sobre-lonxevidade-e-envellecemento-myriam-gorospe-e-manuel-collado\/","title":{"rendered":"Di\u00e1logos sobre lonxevidade e envellecemento: Myriam Gorospe e Manuel Collado"},"content":{"rendered":"\n<p>O noso novo di\u00e1logo sobre lonxevidade e envellecemento ter\u00e1 como protagonista \u00e1 doutora Myriam Gorospe, unha investigadora espa\u00f1ola que desenvolviu a s\u00faa carreira cient\u00edfica nos laboratorios do Instituto Nacional sobre Envellecemento (INA) dos Institutos Nacionais da Sa\u00fade (NIH) dos Estados unidos. No NIA, Myriam traballou en moi diversos aspectos relacionados cun mellor entendemento de como e por que envellecemos, e que podes facer para ter un envellecemento saudable. Afondaremos nestes asuntos desde a mirada da experiencia e os descubrimentos de Myriam Gorospe para acerc\u00e1rmonos a que co\u00f1ecementos nos ofrece a ciencia do envellecemento e que perspectivas podemos vislumbrar para os vindeiros anos. <\/p>\n","protected":false},"featured_media":6327,"parent":6229,"menu_order":3,"template":"","categorias":[294],"etiqueta":[],"class_list":["post-6328","contenido","type-contenido","status-publish","has-post-thumbnail","hentry","categorias-lonxevidade-envellecemento","entry","has-media"],"acf":[],"yoast_head":"<!-- This site is optimized with the Yoast SEO plugin v26.0 - https:\/\/yoast.com\/wordpress\/plugins\/seo\/ -->\n<title>Di\u00e1logos sobre lonxevidade e envellecemento: Myriam Gorospe e Manuel Collado - Afundaci\u00f3n TV<\/title>\n<meta name=\"robots\" content=\"index, follow, max-snippet:-1, max-image-preview:large, max-video-preview:-1\" \/>\n<link rel=\"canonical\" href=\"https:\/\/afundacion.tv\/gl\/contenido\/dialogos-sobre-lonxevidade-e-envellecemento\/dialogos-sobre-lonxevidade-e-envellecemento-myriam-gorospe-e-manuel-collado\/\" \/>\n<meta property=\"og:locale\" content=\"gl_ES\" \/>\n<meta property=\"og:type\" content=\"article\" \/>\n<meta property=\"og:title\" content=\"Di\u00e1logos sobre lonxevidade e envellecemento: Myriam Gorospe e Manuel Collado - Afundaci\u00f3n TV\" \/>\n<meta property=\"og:description\" content=\"O noso novo di\u00e1logo sobre lonxevidade e envellecemento ter\u00e1 como protagonista \u00e1 doutora Myriam Gorospe, unha investigadora espa\u00f1ola que desenvolviu a s\u00faa carreira cient\u00edfica nos laboratorios do Instituto Nacional sobre Envellecemento (INA) dos Institutos Nacionais da Sa\u00fade (NIH) dos Estados unidos. No NIA, Myriam traballou en moi diversos aspectos relacionados cun mellor entendemento de como&hellip;\" \/>\n<meta property=\"og:url\" content=\"https:\/\/afundacion.tv\/gl\/contenido\/dialogos-sobre-lonxevidade-e-envellecemento\/dialogos-sobre-lonxevidade-e-envellecemento-myriam-gorospe-e-manuel-collado\/\" \/>\n<meta property=\"og:site_name\" content=\"Afundaci\u00f3n TV\" \/>\n<meta property=\"article:modified_time\" content=\"2024-10-21T09:38:32+00:00\" \/>\n<meta property=\"og:image\" content=\"https:\/\/afundacion.tv\/wp-content\/uploads\/2024\/10\/1000108303-scaled.jpg\" \/>\n\t<meta property=\"og:image:width\" content=\"2560\" \/>\n\t<meta property=\"og:image:height\" content=\"1707\" \/>\n\t<meta property=\"og:image:type\" content=\"image\/jpeg\" \/>\n<meta name=\"twitter:card\" content=\"summary_large_image\" \/>\n<meta name=\"twitter:label1\" content=\"Tempo de lectura\" \/>\n\t<meta name=\"twitter:data1\" content=\"1 minuto\" \/>\n<script type=\"application\/ld+json\" class=\"yoast-schema-graph\">{\"@context\":\"https:\/\/schema.org\",\"@graph\":[{\"@type\":\"WebPage\",\"@id\":\"https:\/\/afundacion.tv\/gl\/contenido\/dialogos-sobre-lonxevidade-e-envellecemento\/dialogos-sobre-lonxevidade-e-envellecemento-myriam-gorospe-e-manuel-collado\/\",\"url\":\"https:\/\/afundacion.tv\/gl\/contenido\/dialogos-sobre-lonxevidade-e-envellecemento\/dialogos-sobre-lonxevidade-e-envellecemento-myriam-gorospe-e-manuel-collado\/\",\"name\":\"Di\u00e1logos sobre lonxevidade e envellecemento: Myriam Gorospe e Manuel Collado - Afundaci\u00f3n TV\",\"isPartOf\":{\"@id\":\"https:\/\/afundacion.tv\/#website\"},\"primaryImageOfPage\":{\"@id\":\"https:\/\/afundacion.tv\/gl\/contenido\/dialogos-sobre-lonxevidade-e-envellecemento\/dialogos-sobre-lonxevidade-e-envellecemento-myriam-gorospe-e-manuel-collado\/#primaryimage\"},\"image\":{\"@id\":\"https:\/\/afundacion.tv\/gl\/contenido\/dialogos-sobre-lonxevidade-e-envellecemento\/dialogos-sobre-lonxevidade-e-envellecemento-myriam-gorospe-e-manuel-collado\/#primaryimage\"},\"thumbnailUrl\":\"https:\/\/afundacion.tv\/wp-content\/uploads\/2024\/10\/1000108303-scaled.jpg\",\"datePublished\":\"2024-10-16T15:09:18+00:00\",\"dateModified\":\"2024-10-21T09:38:32+00:00\",\"breadcrumb\":{\"@id\":\"https:\/\/afundacion.tv\/gl\/contenido\/dialogos-sobre-lonxevidade-e-envellecemento\/dialogos-sobre-lonxevidade-e-envellecemento-myriam-gorospe-e-manuel-collado\/#breadcrumb\"},\"inLanguage\":\"gl-ES\",\"potentialAction\":[{\"@type\":\"ReadAction\",\"target\":[\"https:\/\/afundacion.tv\/gl\/contenido\/dialogos-sobre-lonxevidade-e-envellecemento\/dialogos-sobre-lonxevidade-e-envellecemento-myriam-gorospe-e-manuel-collado\/\"]}]},{\"@type\":\"ImageObject\",\"inLanguage\":\"gl-ES\",\"@id\":\"https:\/\/afundacion.tv\/gl\/contenido\/dialogos-sobre-lonxevidade-e-envellecemento\/dialogos-sobre-lonxevidade-e-envellecemento-myriam-gorospe-e-manuel-collado\/#primaryimage\",\"url\":\"https:\/\/afundacion.tv\/wp-content\/uploads\/2024\/10\/1000108303-scaled.jpg\",\"contentUrl\":\"https:\/\/afundacion.tv\/wp-content\/uploads\/2024\/10\/1000108303-scaled.jpg\",\"width\":2560,\"height\":1707},{\"@type\":\"BreadcrumbList\",\"@id\":\"https:\/\/afundacion.tv\/gl\/contenido\/dialogos-sobre-lonxevidade-e-envellecemento\/dialogos-sobre-lonxevidade-e-envellecemento-myriam-gorospe-e-manuel-collado\/#breadcrumb\",\"itemListElement\":[{\"@type\":\"ListItem\",\"position\":1,\"name\":\"Portada\",\"item\":\"https:\/\/afundacion.tv\/\"},{\"@type\":\"ListItem\",\"position\":2,\"name\":\"Di\u00e1logos sobre lonxevidade e envellecemento\",\"item\":\"https:\/\/afundacion.tv\/gl\/contenido\/dialogos-sobre-lonxevidade-e-envellecemento\/\"},{\"@type\":\"ListItem\",\"position\":3,\"name\":\"Di\u00e1logos sobre lonxevidade e envellecemento: Myriam Gorospe e Manuel Collado\"}]},{\"@type\":\"WebSite\",\"@id\":\"https:\/\/afundacion.tv\/#website\",\"url\":\"https:\/\/afundacion.tv\/\",\"name\":\"Afundaci\u00f3n TV\",\"description\":\"\",\"publisher\":{\"@id\":\"https:\/\/afundacion.tv\/#organization\"},\"potentialAction\":[{\"@type\":\"SearchAction\",\"target\":{\"@type\":\"EntryPoint\",\"urlTemplate\":\"https:\/\/afundacion.tv\/?s={search_term_string}\"},\"query-input\":{\"@type\":\"PropertyValueSpecification\",\"valueRequired\":true,\"valueName\":\"search_term_string\"}}],\"inLanguage\":\"gl-ES\"},{\"@type\":\"Organization\",\"@id\":\"https:\/\/afundacion.tv\/#organization\",\"name\":\"Afundacion TV\",\"url\":\"https:\/\/afundacion.tv\/\",\"logo\":{\"@type\":\"ImageObject\",\"inLanguage\":\"gl-ES\",\"@id\":\"https:\/\/afundacion.tv\/#\/schema\/logo\/image\/\",\"url\":\"https:\/\/afundacion.tv\/wp-content\/uploads\/2021\/09\/atv-icon-152-01.png\",\"contentUrl\":\"https:\/\/afundacion.tv\/wp-content\/uploads\/2021\/09\/atv-icon-152-01.png\",\"width\":153,\"height\":153,\"caption\":\"Afundacion TV\"},\"image\":{\"@id\":\"https:\/\/afundacion.tv\/#\/schema\/logo\/image\/\"}}]}<\/script>\n<!-- \/ Yoast SEO plugin. -->","yoast_head_json":{"title":"Di\u00e1logos sobre lonxevidade e envellecemento: Myriam Gorospe e Manuel Collado - Afundaci\u00f3n TV","robots":{"index":"index","follow":"follow","max-snippet":"max-snippet:-1","max-image-preview":"max-image-preview:large","max-video-preview":"max-video-preview:-1"},"canonical":"https:\/\/afundacion.tv\/gl\/contenido\/dialogos-sobre-lonxevidade-e-envellecemento\/dialogos-sobre-lonxevidade-e-envellecemento-myriam-gorospe-e-manuel-collado\/","og_locale":"gl_ES","og_type":"article","og_title":"Di\u00e1logos sobre lonxevidade e envellecemento: Myriam Gorospe e Manuel Collado - Afundaci\u00f3n TV","og_description":"O noso novo di\u00e1logo sobre lonxevidade e envellecemento ter\u00e1 como protagonista \u00e1 doutora Myriam Gorospe, unha investigadora espa\u00f1ola que desenvolviu a s\u00faa carreira cient\u00edfica nos laboratorios do Instituto Nacional sobre Envellecemento (INA) dos Institutos Nacionais da Sa\u00fade (NIH) dos Estados unidos. No NIA, Myriam traballou en moi diversos aspectos relacionados cun mellor entendemento de como&hellip;","og_url":"https:\/\/afundacion.tv\/gl\/contenido\/dialogos-sobre-lonxevidade-e-envellecemento\/dialogos-sobre-lonxevidade-e-envellecemento-myriam-gorospe-e-manuel-collado\/","og_site_name":"Afundaci\u00f3n TV","article_modified_time":"2024-10-21T09:38:32+00:00","og_image":[{"width":2560,"height":1707,"url":"https:\/\/afundacion.tv\/wp-content\/uploads\/2024\/10\/1000108303-scaled.jpg","type":"image\/jpeg"}],"twitter_card":"summary_large_image","twitter_misc":{"Tempo de lectura":"1 minuto"},"schema":{"@context":"https:\/\/schema.org","@graph":[{"@type":"WebPage","@id":"https:\/\/afundacion.tv\/gl\/contenido\/dialogos-sobre-lonxevidade-e-envellecemento\/dialogos-sobre-lonxevidade-e-envellecemento-myriam-gorospe-e-manuel-collado\/","url":"https:\/\/afundacion.tv\/gl\/contenido\/dialogos-sobre-lonxevidade-e-envellecemento\/dialogos-sobre-lonxevidade-e-envellecemento-myriam-gorospe-e-manuel-collado\/","name":"Di\u00e1logos sobre lonxevidade e envellecemento: Myriam Gorospe e Manuel Collado - Afundaci\u00f3n TV","isPartOf":{"@id":"https:\/\/afundacion.tv\/#website"},"primaryImageOfPage":{"@id":"https:\/\/afundacion.tv\/gl\/contenido\/dialogos-sobre-lonxevidade-e-envellecemento\/dialogos-sobre-lonxevidade-e-envellecemento-myriam-gorospe-e-manuel-collado\/#primaryimage"},"image":{"@id":"https:\/\/afundacion.tv\/gl\/contenido\/dialogos-sobre-lonxevidade-e-envellecemento\/dialogos-sobre-lonxevidade-e-envellecemento-myriam-gorospe-e-manuel-collado\/#primaryimage"},"thumbnailUrl":"https:\/\/afundacion.tv\/wp-content\/uploads\/2024\/10\/1000108303-scaled.jpg","datePublished":"2024-10-16T15:09:18+00:00","dateModified":"2024-10-21T09:38:32+00:00","breadcrumb":{"@id":"https:\/\/afundacion.tv\/gl\/contenido\/dialogos-sobre-lonxevidade-e-envellecemento\/dialogos-sobre-lonxevidade-e-envellecemento-myriam-gorospe-e-manuel-collado\/#breadcrumb"},"inLanguage":"gl-ES","potentialAction":[{"@type":"ReadAction","target":["https:\/\/afundacion.tv\/gl\/contenido\/dialogos-sobre-lonxevidade-e-envellecemento\/dialogos-sobre-lonxevidade-e-envellecemento-myriam-gorospe-e-manuel-collado\/"]}]},{"@type":"ImageObject","inLanguage":"gl-ES","@id":"https:\/\/afundacion.tv\/gl\/contenido\/dialogos-sobre-lonxevidade-e-envellecemento\/dialogos-sobre-lonxevidade-e-envellecemento-myriam-gorospe-e-manuel-collado\/#primaryimage","url":"https:\/\/afundacion.tv\/wp-content\/uploads\/2024\/10\/1000108303-scaled.jpg","contentUrl":"https:\/\/afundacion.tv\/wp-content\/uploads\/2024\/10\/1000108303-scaled.jpg","width":2560,"height":1707},{"@type":"BreadcrumbList","@id":"https:\/\/afundacion.tv\/gl\/contenido\/dialogos-sobre-lonxevidade-e-envellecemento\/dialogos-sobre-lonxevidade-e-envellecemento-myriam-gorospe-e-manuel-collado\/#breadcrumb","itemListElement":[{"@type":"ListItem","position":1,"name":"Portada","item":"https:\/\/afundacion.tv\/"},{"@type":"ListItem","position":2,"name":"Di\u00e1logos sobre lonxevidade e envellecemento","item":"https:\/\/afundacion.tv\/gl\/contenido\/dialogos-sobre-lonxevidade-e-envellecemento\/"},{"@type":"ListItem","position":3,"name":"Di\u00e1logos sobre lonxevidade e envellecemento: Myriam Gorospe e Manuel Collado"}]},{"@type":"WebSite","@id":"https:\/\/afundacion.tv\/#website","url":"https:\/\/afundacion.tv\/","name":"Afundaci\u00f3n TV","description":"","publisher":{"@id":"https:\/\/afundacion.tv\/#organization"},"potentialAction":[{"@type":"SearchAction","target":{"@type":"EntryPoint","urlTemplate":"https:\/\/afundacion.tv\/?s={search_term_string}"},"query-input":{"@type":"PropertyValueSpecification","valueRequired":true,"valueName":"search_term_string"}}],"inLanguage":"gl-ES"},{"@type":"Organization","@id":"https:\/\/afundacion.tv\/#organization","name":"Afundacion TV","url":"https:\/\/afundacion.tv\/","logo":{"@type":"ImageObject","inLanguage":"gl-ES","@id":"https:\/\/afundacion.tv\/#\/schema\/logo\/image\/","url":"https:\/\/afundacion.tv\/wp-content\/uploads\/2021\/09\/atv-icon-152-01.png","contentUrl":"https:\/\/afundacion.tv\/wp-content\/uploads\/2021\/09\/atv-icon-152-01.png","width":153,"height":153,"caption":"Afundacion TV"},"image":{"@id":"https:\/\/afundacion.tv\/#\/schema\/logo\/image\/"}}]}},"_links":{"self":[{"href":"https:\/\/afundacion.tv\/gl\/wp-json\/wp\/v2\/contenido\/6328","targetHints":{"allow":["GET"]}}],"collection":[{"href":"https:\/\/afundacion.tv\/gl\/wp-json\/wp\/v2\/contenido"}],"about":[{"href":"https:\/\/afundacion.tv\/gl\/wp-json\/wp\/v2\/types\/contenido"}],"up":[{"embeddable":true,"href":"https:\/\/afundacion.tv\/gl\/wp-json\/wp\/v2\/contenido\/6229"}],"wp:featuredmedia":[{"embeddable":true,"href":"https:\/\/afundacion.tv\/gl\/wp-json\/wp\/v2\/media\/6327"}],"wp:attachment":[{"href":"https:\/\/afundacion.tv\/gl\/wp-json\/wp\/v2\/media?parent=6328"}],"wp:term":[{"taxonomy":"categorias","embeddable":true,"href":"https:\/\/afundacion.tv\/gl\/wp-json\/wp\/v2\/categorias?post=6328"},{"taxonomy":"etiqueta","embeddable":true,"href":"https:\/\/afundacion.tv\/gl\/wp-json\/wp\/v2\/etiqueta?post=6328"}],"curies":[{"name":"wp","href":"https:\/\/api.w.org\/{rel}","templated":true}]}}