{"id":6224,"date":"2024-06-20T10:01:25","date_gmt":"2024-06-20T08:01:25","guid":{"rendered":"https:\/\/afundacion.tv\/contenido\/ciclo-de-charlas-engadindo-vida-aos-anos-en-colaboracion-coa-sociedad-espanola-de-medicos-generales-y-de-familia\/saude-mental-e-envellecemento-co-doutor-antonio-torres\/"},"modified":"2024-06-25T10:53:26","modified_gmt":"2024-06-25T08:53:26","slug":"saude-mental-e-envellecemento-co-doutor-antonio-torres","status":"publish","type":"contenido","link":"https:\/\/afundacion.tv\/gl\/contenido\/ciclo-de-charlas-engadindo-vida-aos-anos-en-colaboracion-coa-sociedad-espanola-de-medicos-generales-y-de-familia\/saude-mental-e-envellecemento-co-doutor-antonio-torres\/","title":{"rendered":"\u00abSa\u00fade mental e envellecemento\u00bb co doutor Antonio Torres"},"content":{"rendered":"\n<p>Charla sobre sa\u00fade mental e o envellecemento a cargo do doutor Antonio Torres, coordinador do Grupo de Traballo en Sa\u00fade Mental de SEMG. \u00abExiste unha corrente social de achacar a maior parte dos problemas das persoas maiores ao mero feito de envellecer. Sen descartar os aspectos fisiol\u00f3xicos naturais, na \u00e1rea da sa\u00fade mental hai moitos mitos e estigmas que conv\u00e9n descartar\u00bb, destaca Torres. Falarase do <em>vellismo<\/em>, os seus mitos e estigmas; do insomnio, a depresi\u00f3n na persoa maior e as s\u00faas peculiaridades; a ansiedade e a preocupaci\u00f3n, as\u00ed como do afrontamento, convivencia e superaci\u00f3n de conflitos en idades avanzadas.<\/p>\n","protected":false},"featured_media":6223,"parent":6208,"menu_order":4,"template":"","categorias":[300,294,106,109,257],"etiqueta":[184,331],"class_list":["post-6224","contenido","type-contenido","status-publish","has-post-thumbnail","hentry","categorias-a-experiencia-de-envellecer","categorias-lonxevidade-envellecemento","categorias-saude-e-benestar","categorias-salud-emocional-gl","categorias-saude-fisica","etiqueta-habitos-saudables","etiqueta-lonxevidade","entry","has-media"],"acf":[],"yoast_head":"<!-- This site is optimized with the Yoast SEO plugin v26.0 - https:\/\/yoast.com\/wordpress\/plugins\/seo\/ -->\n<title>\u00abSa\u00fade mental e envellecemento\u00bb co doutor Antonio Torres - Afundaci\u00f3n TV<\/title>\n<meta name=\"description\" content=\"Charla sobre sa\u00fade mental e o envellecemento a cargo do doutor Antonio Torres, coordinador do Grupo de Traballo en Sa\u00fade Mental de SEMG. Falarase do vellismo, do insomnio, a depresi\u00f3n, a ansiedade e a preocupaci\u00f3n, as\u00ed como do afrontamento, convivencia e superaci\u00f3n de conflitos\" \/>\n<meta name=\"robots\" content=\"index, follow, max-snippet:-1, max-image-preview:large, max-video-preview:-1\" \/>\n<link rel=\"canonical\" href=\"https:\/\/afundacion.tv\/gl\/contenido\/ciclo-de-charlas-engadindo-vida-aos-anos-en-colaboracion-coa-sociedad-espanola-de-medicos-generales-y-de-familia\/saude-mental-e-envellecemento-co-doutor-antonio-torres\/\" \/>\n<meta property=\"og:locale\" content=\"gl_ES\" \/>\n<meta property=\"og:type\" content=\"article\" \/>\n<meta property=\"og:title\" content=\"\u00abSa\u00fade mental e envellecemento\u00bb co doutor Antonio Torres - Afundaci\u00f3n TV\" \/>\n<meta property=\"og:description\" content=\"Charla sobre sa\u00fade mental e o envellecemento a cargo do doutor Antonio Torres, coordinador do Grupo de Traballo en Sa\u00fade Mental de SEMG. Falarase do vellismo, do insomnio, a depresi\u00f3n, a ansiedade e a preocupaci\u00f3n, as\u00ed como do afrontamento, convivencia e superaci\u00f3n de conflitos\" \/>\n<meta property=\"og:url\" content=\"https:\/\/afundacion.tv\/gl\/contenido\/ciclo-de-charlas-engadindo-vida-aos-anos-en-colaboracion-coa-sociedad-espanola-de-medicos-generales-y-de-familia\/saude-mental-e-envellecemento-co-doutor-antonio-torres\/\" \/>\n<meta property=\"og:site_name\" content=\"Afundaci\u00f3n TV\" \/>\n<meta property=\"article:modified_time\" content=\"2024-06-25T08:53:26+00:00\" \/>\n<meta property=\"og:image\" content=\"https:\/\/afundacion.tv\/wp-content\/uploads\/2024\/06\/Captura-de-pantalla-2024-06-20-a-las-9.57.55-1024x762.png\" \/>\n\t<meta property=\"og:image:width\" content=\"1024\" \/>\n\t<meta property=\"og:image:height\" content=\"762\" \/>\n\t<meta property=\"og:image:type\" content=\"image\/png\" \/>\n<meta name=\"twitter:card\" content=\"summary_large_image\" \/>\n<meta name=\"twitter:label1\" content=\"Tempo de lectura\" \/>\n\t<meta name=\"twitter:data1\" content=\"1 minuto\" \/>\n<script type=\"application\/ld+json\" class=\"yoast-schema-graph\">{\"@context\":\"https:\/\/schema.org\",\"@graph\":[{\"@type\":\"WebPage\",\"@id\":\"https:\/\/afundacion.tv\/gl\/contenido\/ciclo-de-charlas-engadindo-vida-aos-anos-en-colaboracion-coa-sociedad-espanola-de-medicos-generales-y-de-familia\/saude-mental-e-envellecemento-co-doutor-antonio-torres\/\",\"url\":\"https:\/\/afundacion.tv\/gl\/contenido\/ciclo-de-charlas-engadindo-vida-aos-anos-en-colaboracion-coa-sociedad-espanola-de-medicos-generales-y-de-familia\/saude-mental-e-envellecemento-co-doutor-antonio-torres\/\",\"name\":\"\u00abSa\u00fade mental e envellecemento\u00bb co doutor Antonio Torres - Afundaci\u00f3n TV\",\"isPartOf\":{\"@id\":\"https:\/\/afundacion.tv\/#website\"},\"primaryImageOfPage\":{\"@id\":\"https:\/\/afundacion.tv\/gl\/contenido\/ciclo-de-charlas-engadindo-vida-aos-anos-en-colaboracion-coa-sociedad-espanola-de-medicos-generales-y-de-familia\/saude-mental-e-envellecemento-co-doutor-antonio-torres\/#primaryimage\"},\"image\":{\"@id\":\"https:\/\/afundacion.tv\/gl\/contenido\/ciclo-de-charlas-engadindo-vida-aos-anos-en-colaboracion-coa-sociedad-espanola-de-medicos-generales-y-de-familia\/saude-mental-e-envellecemento-co-doutor-antonio-torres\/#primaryimage\"},\"thumbnailUrl\":\"https:\/\/afundacion.tv\/wp-content\/uploads\/2024\/06\/Captura-de-pantalla-2024-06-20-a-las-9.57.55.png\",\"datePublished\":\"2024-06-20T08:01:25+00:00\",\"dateModified\":\"2024-06-25T08:53:26+00:00\",\"description\":\"Charla sobre sa\u00fade mental e o envellecemento a cargo do doutor Antonio Torres, coordinador do Grupo de Traballo en Sa\u00fade Mental de SEMG. Falarase do vellismo, do insomnio, a depresi\u00f3n, a ansiedade e a preocupaci\u00f3n, as\u00ed como do afrontamento, convivencia e superaci\u00f3n de conflitos\",\"breadcrumb\":{\"@id\":\"https:\/\/afundacion.tv\/gl\/contenido\/ciclo-de-charlas-engadindo-vida-aos-anos-en-colaboracion-coa-sociedad-espanola-de-medicos-generales-y-de-familia\/saude-mental-e-envellecemento-co-doutor-antonio-torres\/#breadcrumb\"},\"inLanguage\":\"gl-ES\",\"potentialAction\":[{\"@type\":\"ReadAction\",\"target\":[\"https:\/\/afundacion.tv\/gl\/contenido\/ciclo-de-charlas-engadindo-vida-aos-anos-en-colaboracion-coa-sociedad-espanola-de-medicos-generales-y-de-familia\/saude-mental-e-envellecemento-co-doutor-antonio-torres\/\"]}]},{\"@type\":\"ImageObject\",\"inLanguage\":\"gl-ES\",\"@id\":\"https:\/\/afundacion.tv\/gl\/contenido\/ciclo-de-charlas-engadindo-vida-aos-anos-en-colaboracion-coa-sociedad-espanola-de-medicos-generales-y-de-familia\/saude-mental-e-envellecemento-co-doutor-antonio-torres\/#primaryimage\",\"url\":\"https:\/\/afundacion.tv\/wp-content\/uploads\/2024\/06\/Captura-de-pantalla-2024-06-20-a-las-9.57.55.png\",\"contentUrl\":\"https:\/\/afundacion.tv\/wp-content\/uploads\/2024\/06\/Captura-de-pantalla-2024-06-20-a-las-9.57.55.png\",\"width\":2748,\"height\":2046},{\"@type\":\"BreadcrumbList\",\"@id\":\"https:\/\/afundacion.tv\/gl\/contenido\/ciclo-de-charlas-engadindo-vida-aos-anos-en-colaboracion-coa-sociedad-espanola-de-medicos-generales-y-de-familia\/saude-mental-e-envellecemento-co-doutor-antonio-torres\/#breadcrumb\",\"itemListElement\":[{\"@type\":\"ListItem\",\"position\":1,\"name\":\"Portada\",\"item\":\"https:\/\/afundacion.tv\/\"},{\"@type\":\"ListItem\",\"position\":2,\"name\":\"Ciclo de charlas \u00abEngadindo vida aos anos\u00bb en colaboraci\u00f3n coa Sociedad Espa\u00f1ola de M\u00e9dicos Generales y de Familia\",\"item\":\"https:\/\/afundacion.tv\/gl\/contenido\/ciclo-de-charlas-engadindo-vida-aos-anos-en-colaboracion-coa-sociedad-espanola-de-medicos-generales-y-de-familia\/\"},{\"@type\":\"ListItem\",\"position\":3,\"name\":\"\u00abSa\u00fade mental e envellecemento\u00bb co doutor Antonio Torres\"}]},{\"@type\":\"WebSite\",\"@id\":\"https:\/\/afundacion.tv\/#website\",\"url\":\"https:\/\/afundacion.tv\/\",\"name\":\"Afundaci\u00f3n TV\",\"description\":\"\",\"publisher\":{\"@id\":\"https:\/\/afundacion.tv\/#organization\"},\"potentialAction\":[{\"@type\":\"SearchAction\",\"target\":{\"@type\":\"EntryPoint\",\"urlTemplate\":\"https:\/\/afundacion.tv\/?s={search_term_string}\"},\"query-input\":{\"@type\":\"PropertyValueSpecification\",\"valueRequired\":true,\"valueName\":\"search_term_string\"}}],\"inLanguage\":\"gl-ES\"},{\"@type\":\"Organization\",\"@id\":\"https:\/\/afundacion.tv\/#organization\",\"name\":\"Afundacion TV\",\"url\":\"https:\/\/afundacion.tv\/\",\"logo\":{\"@type\":\"ImageObject\",\"inLanguage\":\"gl-ES\",\"@id\":\"https:\/\/afundacion.tv\/#\/schema\/logo\/image\/\",\"url\":\"https:\/\/afundacion.tv\/wp-content\/uploads\/2021\/09\/atv-icon-152-01.png\",\"contentUrl\":\"https:\/\/afundacion.tv\/wp-content\/uploads\/2021\/09\/atv-icon-152-01.png\",\"width\":153,\"height\":153,\"caption\":\"Afundacion TV\"},\"image\":{\"@id\":\"https:\/\/afundacion.tv\/#\/schema\/logo\/image\/\"}}]}<\/script>\n<!-- \/ Yoast SEO plugin. -->","yoast_head_json":{"title":"\u00abSa\u00fade mental e envellecemento\u00bb co doutor Antonio Torres - Afundaci\u00f3n TV","description":"Charla sobre sa\u00fade mental e o envellecemento a cargo do doutor Antonio Torres, coordinador do Grupo de Traballo en Sa\u00fade Mental de SEMG. Falarase do vellismo, do insomnio, a depresi\u00f3n, a ansiedade e a preocupaci\u00f3n, as\u00ed como do afrontamento, convivencia e superaci\u00f3n de conflitos","robots":{"index":"index","follow":"follow","max-snippet":"max-snippet:-1","max-image-preview":"max-image-preview:large","max-video-preview":"max-video-preview:-1"},"canonical":"https:\/\/afundacion.tv\/gl\/contenido\/ciclo-de-charlas-engadindo-vida-aos-anos-en-colaboracion-coa-sociedad-espanola-de-medicos-generales-y-de-familia\/saude-mental-e-envellecemento-co-doutor-antonio-torres\/","og_locale":"gl_ES","og_type":"article","og_title":"\u00abSa\u00fade mental e envellecemento\u00bb co doutor Antonio Torres - Afundaci\u00f3n TV","og_description":"Charla sobre sa\u00fade mental e o envellecemento a cargo do doutor Antonio Torres, coordinador do Grupo de Traballo en Sa\u00fade Mental de SEMG. Falarase do vellismo, do insomnio, a depresi\u00f3n, a ansiedade e a preocupaci\u00f3n, as\u00ed como do afrontamento, convivencia e superaci\u00f3n de conflitos","og_url":"https:\/\/afundacion.tv\/gl\/contenido\/ciclo-de-charlas-engadindo-vida-aos-anos-en-colaboracion-coa-sociedad-espanola-de-medicos-generales-y-de-familia\/saude-mental-e-envellecemento-co-doutor-antonio-torres\/","og_site_name":"Afundaci\u00f3n TV","article_modified_time":"2024-06-25T08:53:26+00:00","og_image":[{"width":1024,"height":762,"url":"https:\/\/afundacion.tv\/wp-content\/uploads\/2024\/06\/Captura-de-pantalla-2024-06-20-a-las-9.57.55-1024x762.png","type":"image\/png"}],"twitter_card":"summary_large_image","twitter_misc":{"Tempo de lectura":"1 minuto"},"schema":{"@context":"https:\/\/schema.org","@graph":[{"@type":"WebPage","@id":"https:\/\/afundacion.tv\/gl\/contenido\/ciclo-de-charlas-engadindo-vida-aos-anos-en-colaboracion-coa-sociedad-espanola-de-medicos-generales-y-de-familia\/saude-mental-e-envellecemento-co-doutor-antonio-torres\/","url":"https:\/\/afundacion.tv\/gl\/contenido\/ciclo-de-charlas-engadindo-vida-aos-anos-en-colaboracion-coa-sociedad-espanola-de-medicos-generales-y-de-familia\/saude-mental-e-envellecemento-co-doutor-antonio-torres\/","name":"\u00abSa\u00fade mental e envellecemento\u00bb co doutor Antonio Torres - Afundaci\u00f3n TV","isPartOf":{"@id":"https:\/\/afundacion.tv\/#website"},"primaryImageOfPage":{"@id":"https:\/\/afundacion.tv\/gl\/contenido\/ciclo-de-charlas-engadindo-vida-aos-anos-en-colaboracion-coa-sociedad-espanola-de-medicos-generales-y-de-familia\/saude-mental-e-envellecemento-co-doutor-antonio-torres\/#primaryimage"},"image":{"@id":"https:\/\/afundacion.tv\/gl\/contenido\/ciclo-de-charlas-engadindo-vida-aos-anos-en-colaboracion-coa-sociedad-espanola-de-medicos-generales-y-de-familia\/saude-mental-e-envellecemento-co-doutor-antonio-torres\/#primaryimage"},"thumbnailUrl":"https:\/\/afundacion.tv\/wp-content\/uploads\/2024\/06\/Captura-de-pantalla-2024-06-20-a-las-9.57.55.png","datePublished":"2024-06-20T08:01:25+00:00","dateModified":"2024-06-25T08:53:26+00:00","description":"Charla sobre sa\u00fade mental e o envellecemento a cargo do doutor Antonio Torres, coordinador do Grupo de Traballo en Sa\u00fade Mental de SEMG. Falarase do vellismo, do insomnio, a depresi\u00f3n, a ansiedade e a preocupaci\u00f3n, as\u00ed como do afrontamento, convivencia e superaci\u00f3n de conflitos","breadcrumb":{"@id":"https:\/\/afundacion.tv\/gl\/contenido\/ciclo-de-charlas-engadindo-vida-aos-anos-en-colaboracion-coa-sociedad-espanola-de-medicos-generales-y-de-familia\/saude-mental-e-envellecemento-co-doutor-antonio-torres\/#breadcrumb"},"inLanguage":"gl-ES","potentialAction":[{"@type":"ReadAction","target":["https:\/\/afundacion.tv\/gl\/contenido\/ciclo-de-charlas-engadindo-vida-aos-anos-en-colaboracion-coa-sociedad-espanola-de-medicos-generales-y-de-familia\/saude-mental-e-envellecemento-co-doutor-antonio-torres\/"]}]},{"@type":"ImageObject","inLanguage":"gl-ES","@id":"https:\/\/afundacion.tv\/gl\/contenido\/ciclo-de-charlas-engadindo-vida-aos-anos-en-colaboracion-coa-sociedad-espanola-de-medicos-generales-y-de-familia\/saude-mental-e-envellecemento-co-doutor-antonio-torres\/#primaryimage","url":"https:\/\/afundacion.tv\/wp-content\/uploads\/2024\/06\/Captura-de-pantalla-2024-06-20-a-las-9.57.55.png","contentUrl":"https:\/\/afundacion.tv\/wp-content\/uploads\/2024\/06\/Captura-de-pantalla-2024-06-20-a-las-9.57.55.png","width":2748,"height":2046},{"@type":"BreadcrumbList","@id":"https:\/\/afundacion.tv\/gl\/contenido\/ciclo-de-charlas-engadindo-vida-aos-anos-en-colaboracion-coa-sociedad-espanola-de-medicos-generales-y-de-familia\/saude-mental-e-envellecemento-co-doutor-antonio-torres\/#breadcrumb","itemListElement":[{"@type":"ListItem","position":1,"name":"Portada","item":"https:\/\/afundacion.tv\/"},{"@type":"ListItem","position":2,"name":"Ciclo de charlas \u00abEngadindo vida aos anos\u00bb en colaboraci\u00f3n coa Sociedad Espa\u00f1ola de M\u00e9dicos Generales y de Familia","item":"https:\/\/afundacion.tv\/gl\/contenido\/ciclo-de-charlas-engadindo-vida-aos-anos-en-colaboracion-coa-sociedad-espanola-de-medicos-generales-y-de-familia\/"},{"@type":"ListItem","position":3,"name":"\u00abSa\u00fade mental e envellecemento\u00bb co doutor Antonio Torres"}]},{"@type":"WebSite","@id":"https:\/\/afundacion.tv\/#website","url":"https:\/\/afundacion.tv\/","name":"Afundaci\u00f3n TV","description":"","publisher":{"@id":"https:\/\/afundacion.tv\/#organization"},"potentialAction":[{"@type":"SearchAction","target":{"@type":"EntryPoint","urlTemplate":"https:\/\/afundacion.tv\/?s={search_term_string}"},"query-input":{"@type":"PropertyValueSpecification","valueRequired":true,"valueName":"search_term_string"}}],"inLanguage":"gl-ES"},{"@type":"Organization","@id":"https:\/\/afundacion.tv\/#organization","name":"Afundacion TV","url":"https:\/\/afundacion.tv\/","logo":{"@type":"ImageObject","inLanguage":"gl-ES","@id":"https:\/\/afundacion.tv\/#\/schema\/logo\/image\/","url":"https:\/\/afundacion.tv\/wp-content\/uploads\/2021\/09\/atv-icon-152-01.png","contentUrl":"https:\/\/afundacion.tv\/wp-content\/uploads\/2021\/09\/atv-icon-152-01.png","width":153,"height":153,"caption":"Afundacion TV"},"image":{"@id":"https:\/\/afundacion.tv\/#\/schema\/logo\/image\/"}}]}},"_links":{"self":[{"href":"https:\/\/afundacion.tv\/gl\/wp-json\/wp\/v2\/contenido\/6224","targetHints":{"allow":["GET"]}}],"collection":[{"href":"https:\/\/afundacion.tv\/gl\/wp-json\/wp\/v2\/contenido"}],"about":[{"href":"https:\/\/afundacion.tv\/gl\/wp-json\/wp\/v2\/types\/contenido"}],"up":[{"embeddable":true,"href":"https:\/\/afundacion.tv\/gl\/wp-json\/wp\/v2\/contenido\/6208"}],"wp:featuredmedia":[{"embeddable":true,"href":"https:\/\/afundacion.tv\/gl\/wp-json\/wp\/v2\/media\/6223"}],"wp:attachment":[{"href":"https:\/\/afundacion.tv\/gl\/wp-json\/wp\/v2\/media?parent=6224"}],"wp:term":[{"taxonomy":"categorias","embeddable":true,"href":"https:\/\/afundacion.tv\/gl\/wp-json\/wp\/v2\/categorias?post=6224"},{"taxonomy":"etiqueta","embeddable":true,"href":"https:\/\/afundacion.tv\/gl\/wp-json\/wp\/v2\/etiqueta?post=6224"}],"curies":[{"name":"wp","href":"https:\/\/api.w.org\/{rel}","templated":true}]}}