{"id":6103,"date":"2024-03-15T12:56:10","date_gmt":"2024-03-15T11:56:10","guid":{"rendered":"https:\/\/afundacion.tv\/contenido\/imaxinaria-ii-festival-internacional-de-animacion-afundacion\/charla-maxistral-de-michaela-pavlatova-directora-animadora-ilustradora-e-actriz-checa-madrina-do-festival\/"},"modified":"2024-03-15T12:57:10","modified_gmt":"2024-03-15T11:57:10","slug":"charla-maxistral-de-michaela-pavlatova-directora-animadora-ilustradora-e-actriz-checa-madrina-do-festival","status":"publish","type":"contenido","link":"https:\/\/afundacion.tv\/gl\/contenido\/imaxinaria-ii-festival-internacional-de-animacion-afundacion\/charla-maxistral-de-michaela-pavlatova-directora-animadora-ilustradora-e-actriz-checa-madrina-do-festival\/","title":{"rendered":"Charla maxistral de Michaela Pavl\u00e1tov\u00e1, directora, animadora, ilustradora e actriz checa, madri\u00f1a do festival"},"content":{"rendered":"\n<p>A directora, animadora, ilustradora e actriz checa, Michaela Pavl\u00e1tov\u00e1, \u00e9 todo un referente da animaci\u00f3n internacional. As s\u00faas curtametraxes de animaci\u00f3n recibiron numerosos premios en festivais internacionais de cinema, entre eles o Cristal de Annecy, o Oso de Ouro na Berlinale ou o Gran Premio no Festival Internacional de Animaci\u00f3n de Hiroshima, ademais de recibir un nomeamento ao \u00d3scar. En 2021 terminou a s\u00faa primeira longametraxe de animaci\u00f3n, My Sunny Maad, premiada en Annecy, Guadalaxara etc., ga\u00f1adora, tam\u00e9n, do Premio C\u00e9sar \u00e1 mellor pel\u00edcula de animaci\u00f3n e nomeada aos Globos de Ouro de 2022. Como animadora experimental feminista, a obra de Michaela explora temas relacionados co sexo, o x\u00e9nero, a filosof\u00eda e as relaci\u00f3ns humanas, utilizando sempre o seu inconfundible grafismo e sentido do humor.<\/p>\n\n<p>Michaela Pavl\u00e1tov\u00e1 \u00e9 directora do Departamento de Animaci\u00f3n da FAMU de Praga (Academia de Artes Esc\u00e9nicas, Escola de Cinema e TV), tam\u00e9n ensinou en VSUP (Academia de Artes, Arquitectura e Dese\u00f1o de Praga), e no estranxeiro, en San Francisco (Academy of Art College, Computer Arts Institute, CCAC), e na Universidade de Harvard. Actualmente est\u00e1 a traballar no que ser\u00e1 a s\u00faa segunda longametraxe animada, Night Tram (Tranv\u00eda nocturno), retomando a personaxe protagonista da s\u00faa premiado curtametraxe Tram (Tranv\u00eda).<\/p>\n","protected":false},"featured_media":6102,"parent":6091,"menu_order":3,"template":"","categorias":[82,244],"etiqueta":[174],"class_list":["post-6103","contenido","type-contenido","status-publish","has-post-thumbnail","hentry","categorias-artes-escenicas-e-musicais","categorias-cine-gl","etiqueta-cultura-gl","entry","has-media"],"acf":[],"yoast_head":"<!-- This site is optimized with the Yoast SEO plugin v26.0 - https:\/\/yoast.com\/wordpress\/plugins\/seo\/ -->\n<title>Charla maxistral de Michaela Pavl\u00e1tov\u00e1, directora, animadora, ilustradora e actriz checa, madri\u00f1a do festival - Afundaci\u00f3n TV<\/title>\n<meta name=\"robots\" content=\"index, follow, max-snippet:-1, max-image-preview:large, max-video-preview:-1\" \/>\n<link rel=\"canonical\" href=\"https:\/\/afundacion.tv\/gl\/contenido\/imaxinaria-ii-festival-internacional-de-animacion-afundacion\/charla-maxistral-de-michaela-pavlatova-directora-animadora-ilustradora-e-actriz-checa-madrina-do-festival\/\" \/>\n<meta property=\"og:locale\" content=\"gl_ES\" \/>\n<meta property=\"og:type\" content=\"article\" \/>\n<meta property=\"og:title\" content=\"Charla maxistral de Michaela Pavl\u00e1tov\u00e1, directora, animadora, ilustradora e actriz checa, madri\u00f1a do festival - Afundaci\u00f3n TV\" \/>\n<meta property=\"og:description\" content=\"A directora, animadora, ilustradora e actriz checa, Michaela Pavl\u00e1tov\u00e1, \u00e9 todo un referente da animaci\u00f3n internacional. As s\u00faas curtametraxes de animaci\u00f3n recibiron numerosos premios en festivais internacionais de cinema, entre eles o Cristal de Annecy, o Oso de Ouro na Berlinale ou o Gran Premio no Festival Internacional de Animaci\u00f3n de Hiroshima, ademais de recibir&hellip;\" \/>\n<meta property=\"og:url\" content=\"https:\/\/afundacion.tv\/gl\/contenido\/imaxinaria-ii-festival-internacional-de-animacion-afundacion\/charla-maxistral-de-michaela-pavlatova-directora-animadora-ilustradora-e-actriz-checa-madrina-do-festival\/\" \/>\n<meta property=\"og:site_name\" content=\"Afundaci\u00f3n TV\" \/>\n<meta property=\"article:modified_time\" content=\"2024-03-15T11:57:10+00:00\" \/>\n<meta property=\"og:image\" content=\"https:\/\/afundacion.tv\/wp-content\/uploads\/2024\/03\/20240307-imaxinaria-by-andrea-rodriguez-069-scaled.jpeg\" \/>\n\t<meta property=\"og:image:width\" content=\"2560\" \/>\n\t<meta property=\"og:image:height\" content=\"1706\" \/>\n\t<meta property=\"og:image:type\" content=\"image\/jpeg\" \/>\n<meta name=\"twitter:card\" content=\"summary_large_image\" \/>\n<meta name=\"twitter:label1\" content=\"Tempo de lectura\" \/>\n\t<meta name=\"twitter:data1\" content=\"1 minuto\" \/>\n<script type=\"application\/ld+json\" class=\"yoast-schema-graph\">{\"@context\":\"https:\/\/schema.org\",\"@graph\":[{\"@type\":\"WebPage\",\"@id\":\"https:\/\/afundacion.tv\/gl\/contenido\/imaxinaria-ii-festival-internacional-de-animacion-afundacion\/charla-maxistral-de-michaela-pavlatova-directora-animadora-ilustradora-e-actriz-checa-madrina-do-festival\/\",\"url\":\"https:\/\/afundacion.tv\/gl\/contenido\/imaxinaria-ii-festival-internacional-de-animacion-afundacion\/charla-maxistral-de-michaela-pavlatova-directora-animadora-ilustradora-e-actriz-checa-madrina-do-festival\/\",\"name\":\"Charla maxistral de Michaela Pavl\u00e1tov\u00e1, directora, animadora, ilustradora e actriz checa, madri\u00f1a do festival - Afundaci\u00f3n TV\",\"isPartOf\":{\"@id\":\"https:\/\/afundacion.tv\/#website\"},\"primaryImageOfPage\":{\"@id\":\"https:\/\/afundacion.tv\/gl\/contenido\/imaxinaria-ii-festival-internacional-de-animacion-afundacion\/charla-maxistral-de-michaela-pavlatova-directora-animadora-ilustradora-e-actriz-checa-madrina-do-festival\/#primaryimage\"},\"image\":{\"@id\":\"https:\/\/afundacion.tv\/gl\/contenido\/imaxinaria-ii-festival-internacional-de-animacion-afundacion\/charla-maxistral-de-michaela-pavlatova-directora-animadora-ilustradora-e-actriz-checa-madrina-do-festival\/#primaryimage\"},\"thumbnailUrl\":\"https:\/\/afundacion.tv\/wp-content\/uploads\/2024\/03\/20240307-imaxinaria-by-andrea-rodriguez-069-scaled.jpeg\",\"datePublished\":\"2024-03-15T11:56:10+00:00\",\"dateModified\":\"2024-03-15T11:57:10+00:00\",\"breadcrumb\":{\"@id\":\"https:\/\/afundacion.tv\/gl\/contenido\/imaxinaria-ii-festival-internacional-de-animacion-afundacion\/charla-maxistral-de-michaela-pavlatova-directora-animadora-ilustradora-e-actriz-checa-madrina-do-festival\/#breadcrumb\"},\"inLanguage\":\"gl-ES\",\"potentialAction\":[{\"@type\":\"ReadAction\",\"target\":[\"https:\/\/afundacion.tv\/gl\/contenido\/imaxinaria-ii-festival-internacional-de-animacion-afundacion\/charla-maxistral-de-michaela-pavlatova-directora-animadora-ilustradora-e-actriz-checa-madrina-do-festival\/\"]}]},{\"@type\":\"ImageObject\",\"inLanguage\":\"gl-ES\",\"@id\":\"https:\/\/afundacion.tv\/gl\/contenido\/imaxinaria-ii-festival-internacional-de-animacion-afundacion\/charla-maxistral-de-michaela-pavlatova-directora-animadora-ilustradora-e-actriz-checa-madrina-do-festival\/#primaryimage\",\"url\":\"https:\/\/afundacion.tv\/wp-content\/uploads\/2024\/03\/20240307-imaxinaria-by-andrea-rodriguez-069-scaled.jpeg\",\"contentUrl\":\"https:\/\/afundacion.tv\/wp-content\/uploads\/2024\/03\/20240307-imaxinaria-by-andrea-rodriguez-069-scaled.jpeg\",\"width\":2560,\"height\":1706},{\"@type\":\"BreadcrumbList\",\"@id\":\"https:\/\/afundacion.tv\/gl\/contenido\/imaxinaria-ii-festival-internacional-de-animacion-afundacion\/charla-maxistral-de-michaela-pavlatova-directora-animadora-ilustradora-e-actriz-checa-madrina-do-festival\/#breadcrumb\",\"itemListElement\":[{\"@type\":\"ListItem\",\"position\":1,\"name\":\"Portada\",\"item\":\"https:\/\/afundacion.tv\/\"},{\"@type\":\"ListItem\",\"position\":2,\"name\":\"IMAXINARIA &#8211; II Festival Internacional de Animaci\u00f3n Afundaci\u00f3n\",\"item\":\"https:\/\/afundacion.tv\/gl\/contenido\/imaxinaria-ii-festival-internacional-de-animacion-afundacion\/\"},{\"@type\":\"ListItem\",\"position\":3,\"name\":\"Charla maxistral de Michaela Pavl\u00e1tov\u00e1, directora, animadora, ilustradora e actriz checa, madri\u00f1a do festival\"}]},{\"@type\":\"WebSite\",\"@id\":\"https:\/\/afundacion.tv\/#website\",\"url\":\"https:\/\/afundacion.tv\/\",\"name\":\"Afundaci\u00f3n TV\",\"description\":\"\",\"publisher\":{\"@id\":\"https:\/\/afundacion.tv\/#organization\"},\"potentialAction\":[{\"@type\":\"SearchAction\",\"target\":{\"@type\":\"EntryPoint\",\"urlTemplate\":\"https:\/\/afundacion.tv\/?s={search_term_string}\"},\"query-input\":{\"@type\":\"PropertyValueSpecification\",\"valueRequired\":true,\"valueName\":\"search_term_string\"}}],\"inLanguage\":\"gl-ES\"},{\"@type\":\"Organization\",\"@id\":\"https:\/\/afundacion.tv\/#organization\",\"name\":\"Afundacion TV\",\"url\":\"https:\/\/afundacion.tv\/\",\"logo\":{\"@type\":\"ImageObject\",\"inLanguage\":\"gl-ES\",\"@id\":\"https:\/\/afundacion.tv\/#\/schema\/logo\/image\/\",\"url\":\"https:\/\/afundacion.tv\/wp-content\/uploads\/2021\/09\/atv-icon-152-01.png\",\"contentUrl\":\"https:\/\/afundacion.tv\/wp-content\/uploads\/2021\/09\/atv-icon-152-01.png\",\"width\":153,\"height\":153,\"caption\":\"Afundacion TV\"},\"image\":{\"@id\":\"https:\/\/afundacion.tv\/#\/schema\/logo\/image\/\"}}]}<\/script>\n<!-- \/ Yoast SEO plugin. -->","yoast_head_json":{"title":"Charla maxistral de Michaela Pavl\u00e1tov\u00e1, directora, animadora, ilustradora e actriz checa, madri\u00f1a do festival - Afundaci\u00f3n TV","robots":{"index":"index","follow":"follow","max-snippet":"max-snippet:-1","max-image-preview":"max-image-preview:large","max-video-preview":"max-video-preview:-1"},"canonical":"https:\/\/afundacion.tv\/gl\/contenido\/imaxinaria-ii-festival-internacional-de-animacion-afundacion\/charla-maxistral-de-michaela-pavlatova-directora-animadora-ilustradora-e-actriz-checa-madrina-do-festival\/","og_locale":"gl_ES","og_type":"article","og_title":"Charla maxistral de Michaela Pavl\u00e1tov\u00e1, directora, animadora, ilustradora e actriz checa, madri\u00f1a do festival - Afundaci\u00f3n TV","og_description":"A directora, animadora, ilustradora e actriz checa, Michaela Pavl\u00e1tov\u00e1, \u00e9 todo un referente da animaci\u00f3n internacional. As s\u00faas curtametraxes de animaci\u00f3n recibiron numerosos premios en festivais internacionais de cinema, entre eles o Cristal de Annecy, o Oso de Ouro na Berlinale ou o Gran Premio no Festival Internacional de Animaci\u00f3n de Hiroshima, ademais de recibir&hellip;","og_url":"https:\/\/afundacion.tv\/gl\/contenido\/imaxinaria-ii-festival-internacional-de-animacion-afundacion\/charla-maxistral-de-michaela-pavlatova-directora-animadora-ilustradora-e-actriz-checa-madrina-do-festival\/","og_site_name":"Afundaci\u00f3n TV","article_modified_time":"2024-03-15T11:57:10+00:00","og_image":[{"width":2560,"height":1706,"url":"https:\/\/afundacion.tv\/wp-content\/uploads\/2024\/03\/20240307-imaxinaria-by-andrea-rodriguez-069-scaled.jpeg","type":"image\/jpeg"}],"twitter_card":"summary_large_image","twitter_misc":{"Tempo de lectura":"1 minuto"},"schema":{"@context":"https:\/\/schema.org","@graph":[{"@type":"WebPage","@id":"https:\/\/afundacion.tv\/gl\/contenido\/imaxinaria-ii-festival-internacional-de-animacion-afundacion\/charla-maxistral-de-michaela-pavlatova-directora-animadora-ilustradora-e-actriz-checa-madrina-do-festival\/","url":"https:\/\/afundacion.tv\/gl\/contenido\/imaxinaria-ii-festival-internacional-de-animacion-afundacion\/charla-maxistral-de-michaela-pavlatova-directora-animadora-ilustradora-e-actriz-checa-madrina-do-festival\/","name":"Charla maxistral de Michaela Pavl\u00e1tov\u00e1, directora, animadora, ilustradora e actriz checa, madri\u00f1a do festival - Afundaci\u00f3n TV","isPartOf":{"@id":"https:\/\/afundacion.tv\/#website"},"primaryImageOfPage":{"@id":"https:\/\/afundacion.tv\/gl\/contenido\/imaxinaria-ii-festival-internacional-de-animacion-afundacion\/charla-maxistral-de-michaela-pavlatova-directora-animadora-ilustradora-e-actriz-checa-madrina-do-festival\/#primaryimage"},"image":{"@id":"https:\/\/afundacion.tv\/gl\/contenido\/imaxinaria-ii-festival-internacional-de-animacion-afundacion\/charla-maxistral-de-michaela-pavlatova-directora-animadora-ilustradora-e-actriz-checa-madrina-do-festival\/#primaryimage"},"thumbnailUrl":"https:\/\/afundacion.tv\/wp-content\/uploads\/2024\/03\/20240307-imaxinaria-by-andrea-rodriguez-069-scaled.jpeg","datePublished":"2024-03-15T11:56:10+00:00","dateModified":"2024-03-15T11:57:10+00:00","breadcrumb":{"@id":"https:\/\/afundacion.tv\/gl\/contenido\/imaxinaria-ii-festival-internacional-de-animacion-afundacion\/charla-maxistral-de-michaela-pavlatova-directora-animadora-ilustradora-e-actriz-checa-madrina-do-festival\/#breadcrumb"},"inLanguage":"gl-ES","potentialAction":[{"@type":"ReadAction","target":["https:\/\/afundacion.tv\/gl\/contenido\/imaxinaria-ii-festival-internacional-de-animacion-afundacion\/charla-maxistral-de-michaela-pavlatova-directora-animadora-ilustradora-e-actriz-checa-madrina-do-festival\/"]}]},{"@type":"ImageObject","inLanguage":"gl-ES","@id":"https:\/\/afundacion.tv\/gl\/contenido\/imaxinaria-ii-festival-internacional-de-animacion-afundacion\/charla-maxistral-de-michaela-pavlatova-directora-animadora-ilustradora-e-actriz-checa-madrina-do-festival\/#primaryimage","url":"https:\/\/afundacion.tv\/wp-content\/uploads\/2024\/03\/20240307-imaxinaria-by-andrea-rodriguez-069-scaled.jpeg","contentUrl":"https:\/\/afundacion.tv\/wp-content\/uploads\/2024\/03\/20240307-imaxinaria-by-andrea-rodriguez-069-scaled.jpeg","width":2560,"height":1706},{"@type":"BreadcrumbList","@id":"https:\/\/afundacion.tv\/gl\/contenido\/imaxinaria-ii-festival-internacional-de-animacion-afundacion\/charla-maxistral-de-michaela-pavlatova-directora-animadora-ilustradora-e-actriz-checa-madrina-do-festival\/#breadcrumb","itemListElement":[{"@type":"ListItem","position":1,"name":"Portada","item":"https:\/\/afundacion.tv\/"},{"@type":"ListItem","position":2,"name":"IMAXINARIA &#8211; II Festival Internacional de Animaci\u00f3n Afundaci\u00f3n","item":"https:\/\/afundacion.tv\/gl\/contenido\/imaxinaria-ii-festival-internacional-de-animacion-afundacion\/"},{"@type":"ListItem","position":3,"name":"Charla maxistral de Michaela Pavl\u00e1tov\u00e1, directora, animadora, ilustradora e actriz checa, madri\u00f1a do festival"}]},{"@type":"WebSite","@id":"https:\/\/afundacion.tv\/#website","url":"https:\/\/afundacion.tv\/","name":"Afundaci\u00f3n TV","description":"","publisher":{"@id":"https:\/\/afundacion.tv\/#organization"},"potentialAction":[{"@type":"SearchAction","target":{"@type":"EntryPoint","urlTemplate":"https:\/\/afundacion.tv\/?s={search_term_string}"},"query-input":{"@type":"PropertyValueSpecification","valueRequired":true,"valueName":"search_term_string"}}],"inLanguage":"gl-ES"},{"@type":"Organization","@id":"https:\/\/afundacion.tv\/#organization","name":"Afundacion TV","url":"https:\/\/afundacion.tv\/","logo":{"@type":"ImageObject","inLanguage":"gl-ES","@id":"https:\/\/afundacion.tv\/#\/schema\/logo\/image\/","url":"https:\/\/afundacion.tv\/wp-content\/uploads\/2021\/09\/atv-icon-152-01.png","contentUrl":"https:\/\/afundacion.tv\/wp-content\/uploads\/2021\/09\/atv-icon-152-01.png","width":153,"height":153,"caption":"Afundacion TV"},"image":{"@id":"https:\/\/afundacion.tv\/#\/schema\/logo\/image\/"}}]}},"_links":{"self":[{"href":"https:\/\/afundacion.tv\/gl\/wp-json\/wp\/v2\/contenido\/6103","targetHints":{"allow":["GET"]}}],"collection":[{"href":"https:\/\/afundacion.tv\/gl\/wp-json\/wp\/v2\/contenido"}],"about":[{"href":"https:\/\/afundacion.tv\/gl\/wp-json\/wp\/v2\/types\/contenido"}],"up":[{"embeddable":true,"href":"https:\/\/afundacion.tv\/gl\/wp-json\/wp\/v2\/contenido\/6091"}],"wp:featuredmedia":[{"embeddable":true,"href":"https:\/\/afundacion.tv\/gl\/wp-json\/wp\/v2\/media\/6102"}],"wp:attachment":[{"href":"https:\/\/afundacion.tv\/gl\/wp-json\/wp\/v2\/media?parent=6103"}],"wp:term":[{"taxonomy":"categorias","embeddable":true,"href":"https:\/\/afundacion.tv\/gl\/wp-json\/wp\/v2\/categorias?post=6103"},{"taxonomy":"etiqueta","embeddable":true,"href":"https:\/\/afundacion.tv\/gl\/wp-json\/wp\/v2\/etiqueta?post=6103"}],"curies":[{"name":"wp","href":"https:\/\/api.w.org\/{rel}","templated":true}]}}